{"id":1108,"date":"2021-11-04T09:20:05","date_gmt":"2021-11-04T08:20:05","guid":{"rendered":"https:\/\/www.franceairexpo.com\/exhibit\/"},"modified":"2026-03-05T23:12:36","modified_gmt":"2026-03-05T22:12:36","slug":"exhibit","status":"publish","type":"page","link":"https:\/\/www.franceairexpo.com\/en\/exhibit\/","title":{"rendered":"Exhibit"},"content":{"rendered":"<p>[et_pb_section fb_built=\"1\" _builder_version=\"4.16\" _module_preset=\"default\" background_enable_image=\"off\" background_size=\"contain\" background_position=\"top_left\" custom_padding=\"9px||2px|||\" da_disable_devices=\"off|off|off\" global_colors_info=\"{}\" theme_builder_area=\"post_content\" da_is_popup=\"off\" da_exit_intent=\"off\" da_has_close=\"on\" da_alt_close=\"off\" da_dark_close=\"off\" da_not_modal=\"on\" da_is_singular=\"off\" da_with_loader=\"off\" da_has_shadow=\"on\"][et_pb_row disabled_on=\"on|on|on\" _builder_version=\"4.27.4\" _module_preset=\"default\" max_width_tablet=\"\" max_width_phone=\"100%\" max_width_last_edited=\"on|phone\" module_alignment=\"center\" overflow-x=\"hidden\" disabled global_module=\"315\" saved_tabs=\"all\" global_colors_info=\"{}\" theme_builder_area=\"post_content\"][et_pb_column type=\"4_4\" _builder_version=\"4.20.2\" _module_preset=\"default\" global_colors_info=\"{}\" theme_builder_area=\"post_content\"][et_pb_gallery gallery_ids=\"11156,11226\" gallery_orderby=\"rand\" posts_number=\"1\" orientation=\"portrait\" show_pagination=\"off\" disabled_on=\"on|on|on\" admin_label=\"Annonceurs\" module_class=\"dbl_gal_link dbl_annonceurs\" _builder_version=\"4.27.4\" _module_preset=\"default\" width=\"880px\" width_tablet=\"\" width_phone=\"100%\" width_last_edited=\"on|phone\" module_alignment=\"center\" custom_css_gallery_item=\"width:880px !important;\" disabled global_colors_info=\"{}\" custom_css_gallery_item_last_edited=\"on|phone\" custom_css_gallery_item_phone=\"width:100% !important;\" custom_css_gallery_item_tablet=\"width:880px !important;\" theme_builder_area=\"post_content\"][\/et_pb_gallery][\/et_pb_column][\/et_pb_row][\/et_pb_section][et_pb_section fb_built=\"1\" _builder_version=\"4.27.4\" _module_preset=\"default\" width=\"80%\" max_width=\"1080px\" module_alignment=\"center\" custom_padding=\"||28px|||\" da_disable_devices=\"off|off|off\" global_colors_info=\"{}\" theme_builder_area=\"post_content\" da_is_popup=\"off\" da_exit_intent=\"off\" da_has_close=\"on\" da_alt_close=\"off\" da_dark_close=\"off\" da_not_modal=\"on\" da_is_singular=\"off\" da_with_loader=\"off\" da_has_shadow=\"on\"][et_pb_row use_custom_gutter=\"on\" gutter_width=\"1\" _builder_version=\"4.16\" _module_preset=\"default\" width=\"100%\" max_width=\"100%\" custom_margin=\"|0px||0px|false|true\" custom_padding=\"|0px||0px|false|false\" global_colors_info=\"{}\" theme_builder_area=\"post_content\"][et_pb_column type=\"4_4\" _builder_version=\"4.16\" _module_preset=\"default\" global_colors_info=\"{}\" theme_builder_area=\"post_content\"][et_pb_text _builder_version=\"4.27.4\" _module_preset=\"1210bc3a-89f0-4a0d-8923-abc10d8aa129\" text_font=\"Roboto|300|||||||\" border_width_bottom=\"1px\" inline_fonts=\"Roboto\" global_colors_info=\"{%22gcid-cc4e4980-7e9b-4ebe-ac85-10b081055873%22:%91%22text_text_color%22,%22text_text_color%22,%22text_text_color%22,%22text_text_color%22,%22text_text_color%22,%22text_text_color%22%93,%22gcid-c25effe3-3954-4c7e-99d0-b58664ad6112%22:%91%22header_2_text_color%22%93}\" theme_builder_area=\"post_content\"]<\/p>\n<h1><span style=\"font-family: Roboto;\"><strong>EXHIBIT AT FRANCE AIR EXPO 2026<\/strong><\/span><\/h1>\n<p>[\/et_pb_text][\/et_pb_column][\/et_pb_row][et_pb_row column_structure=\"2_3,1_3\" _builder_version=\"4.27.4\" _module_preset=\"default\" width=\"100%\" custom_padding=\"11px|||||\" global_colors_info=\"{}\" theme_builder_area=\"post_content\"][et_pb_column type=\"2_3\" _builder_version=\"4.27.4\" _module_preset=\"default\" global_colors_info=\"{}\" theme_builder_area=\"post_content\"][et_pb_text _builder_version=\"4.27.4\" _module_preset=\"_initial\" text_text_color=\"gcid-fe2cc62c-cb0b-4131-987e-c9ceeb81c892\" custom_padding=\"13px||0px|||\" global_colors_info=\"{%22gcid-fe2cc62c-cb0b-4131-987e-c9ceeb81c892%22:%91%22text_text_color%22%93}\" theme_builder_area=\"post_content\"]<\/p>\n<h2><span style=\"color: #004f9f;\">Expand your visibility at the heart of General Aviation<\/span><\/h2>\n<p>[\/et_pb_text][et_pb_text _builder_version=\"4.27.4\" _module_preset=\"default\" custom_padding=\"13px||24px|||\" global_colors_info=\"{}\" theme_builder_area=\"post_content\"]<\/p>\n<p>France Air Expo brings together in one place all the key players in the industry: manufacturers, equipment suppliers, service providers, training schools, federations, institutions, insurers, and financial organizations.<\/p>\n<p><strong>It\u2019s a unique opportunity to showcase your latest innovations, meet your clients, and generate new business opportunities.<\/strong><\/p>\n<p>[\/et_pb_text][\/et_pb_column][et_pb_column type=\"1_3\" _builder_version=\"4.27.4\" _module_preset=\"default\" global_colors_info=\"{}\" theme_builder_area=\"post_content\"][et_pb_image src=\"https:\/\/www.franceairexpo.com\/wp-content\/uploads\/2025\/11\/IMG_8543.png\" title_text=\"IMG_8543\" _builder_version=\"4.27.4\" _module_preset=\"default\" custom_margin=\"|||15px|false|false\" global_colors_info=\"{}\" theme_builder_area=\"post_content\"][\/et_pb_image][\/et_pb_column][\/et_pb_row][et_pb_row use_custom_gutter=\"on\" gutter_width=\"1\" _builder_version=\"4.16\" _module_preset=\"default\" width=\"100%\" max_width=\"100%\" custom_margin=\"|0px||0px|false|true\" custom_padding=\"|0px|18px|0px|false|false\" global_colors_info=\"{}\" theme_builder_area=\"post_content\"][et_pb_column type=\"4_4\" _builder_version=\"4.16\" _module_preset=\"default\" global_colors_info=\"{}\" theme_builder_area=\"post_content\"][et_pb_text _builder_version=\"4.27.4\" _module_preset=\"1210bc3a-89f0-4a0d-8923-abc10d8aa129\" border_width_bottom=\"0px\" global_colors_info=\"{%22gcid-cc4e4980-7e9b-4ebe-ac85-10b081055873%22:%91%22text_text_color%22,%22text_text_color%22,%22text_text_color%22,%22text_text_color%22,%22text_text_color%22,%22text_text_color%22%93,%22gcid-c25effe3-3954-4c7e-99d0-b58664ad6112%22:%91%22header_2_text_color%22%93}\" theme_builder_area=\"post_content\"]<\/p>\n<h1 class=\"et_pb_text_inner\" style=\"caret-color: #212121; color: #212121; font-family: Aptos; font-style: normal; font-variant-caps: normal; letter-spacing: normal; orphans: auto; text-indent: 0px; text-transform: none; white-space: normal; widows: auto; word-spacing: 0px; -webkit-text-stroke-width: 0px; text-decoration: none; text-align: left; line-height: 1em; margin: 0px; padding-bottom: 10px;\"><strong><span style=\"font-family: Roboto, Helvetica, Arial, Lucida, sans-serif; font-size: xx-large; color: #004f9f; line-height: 1.2;\">Why exhibit ?<\/span><\/strong><\/h1>\n<p>[\/et_pb_text][\/et_pb_column][\/et_pb_row][et_pb_row column_structure=\"2_5,3_5\" _builder_version=\"4.27.4\" _module_preset=\"default\" background_color=\"gcid-08abc813-30a9-4e1b-92b1-d9a38579f1d4\" width=\"100%\" global_colors_info=\"{%22gcid-08abc813-30a9-4e1b-92b1-d9a38579f1d4%22:%91%22background_color%22%93}\" theme_builder_area=\"post_content\"][et_pb_column type=\"2_5\" _builder_version=\"4.27.4\" _module_preset=\"default\" global_colors_info=\"{}\" theme_builder_area=\"post_content\"][et_pb_image src=\"https:\/\/www.franceairexpo.com\/wp-content\/uploads\/2025\/11\/FAE23-SALON-STATIQUE-5.png\" title_text=\"FAE23-SALON-STATIQUE-5\" _builder_version=\"4.27.4\" _module_preset=\"default\" custom_margin=\"|10px||10px|false|false\" animation_style=\"slide\" animation_direction=\"left\" global_colors_info=\"{}\" theme_builder_area=\"post_content\"][\/et_pb_image][\/et_pb_column][et_pb_column type=\"3_5\" _builder_version=\"4.27.4\" _module_preset=\"default\" global_colors_info=\"{}\" theme_builder_area=\"post_content\"][et_pb_text _builder_version=\"4.27.4\" _module_preset=\"default\" text_text_color=\"gcid-fe2cc62c-cb0b-4131-987e-c9ceeb81c892\" custom_margin=\"|||10px|false|false\" custom_padding=\"22px||0px|||\" global_colors_info=\"{%22gcid-fe2cc62c-cb0b-4131-987e-c9ceeb81c892%22:%91%22text_text_color%22%93}\" theme_builder_area=\"post_content\"]<\/p>\n<h2><span style=\"color: #004f9f;\">Presence of leading brands<\/span><\/h2>\n<p>[\/et_pb_text][et_pb_text _builder_version=\"4.27.4\" _module_preset=\"default\" custom_margin=\"|||10px|false|false\" custom_padding=\"13px||0px|||\" global_colors_info=\"{}\" theme_builder_area=\"post_content\"]<\/p>\n<p><span style=\"color: #4f4f4f;\">Cirrus, Cessna, Beechcraft, Piper, Pilatus, Daher, Kodiak, Diamond, Textron, Tecnam, VL3, Robin, Blackwing, Viper, Tomark, Ellipse, Aeroprakt, Garmin, Rotax, Becker Avionics, Michelin\u2026 <br \/>Three days of maximum visibility thanks to the participation of the industry\u2019s top leaders.<\/span><\/p>\n<p>[\/et_pb_text][\/et_pb_column][\/et_pb_row][et_pb_row column_structure=\"2_3,1_3\" _builder_version=\"4.27.4\" _module_preset=\"default\" width=\"100%\" custom_padding=\"28px||29px|||\" global_colors_info=\"{}\" theme_builder_area=\"post_content\"][et_pb_column type=\"2_3\" _builder_version=\"4.27.4\" _module_preset=\"default\" global_colors_info=\"{}\" theme_builder_area=\"post_content\"][et_pb_text _builder_version=\"4.27.4\" _module_preset=\"default\" text_text_color=\"gcid-fe2cc62c-cb0b-4131-987e-c9ceeb81c892\" custom_padding=\"13px||0px|||\" global_colors_info=\"{%22gcid-fe2cc62c-cb0b-4131-987e-c9ceeb81c892%22:%91%22text_text_color%22%93}\" theme_builder_area=\"post_content\"]<\/p>\n<h2><span style=\"color: #004f9f;\">A strategic market<\/span><\/h2>\n<p>[\/et_pb_text][et_pb_text _builder_version=\"4.27.4\" _module_preset=\"default\" custom_padding=\"13px||0px|||\" global_colors_info=\"{}\" theme_builder_area=\"post_content\"]<\/p>\n<p>France is one of the largest General Aviation markets in Europe. Exhibiting here means positioning your company within a dynamic and Francophone market that is deeply connected to Europe\u2019s major aeronautical industries.<\/p>\n<p>Targeting the Francophone market (France, Belgium, Switzerland, Luxembourg) France Air Expo stands at the heart of one of Europe\u2019s most dynamic general aviation hubs. The ideal platform to boost your visibility and market presence.<\/p>\n<p><strong>2nd worldwide<\/strong> in the number of pilots and registered aircraft<br \/><strong>1st European market<\/strong> for light and certified aviation<\/p>\n<p>The Francophone market (France, Belgium, Switzerland, and Luxembourg) brings together over <strong>720 flying clubs, 160 ATO\/DTO training schools<\/strong>, and <strong>60,000 active pilots, along with several thousand students in training.<\/strong><\/p>\n<p>[\/et_pb_text][\/et_pb_column][et_pb_column type=\"1_3\" _builder_version=\"4.27.4\" _module_preset=\"default\" global_colors_info=\"{}\" theme_builder_area=\"post_content\"][et_pb_image src=\"https:\/\/www.franceairexpo.com\/wp-content\/uploads\/2025\/11\/FAE-ph01.png\" title_text=\"FAE-ph01\" _builder_version=\"4.27.4\" _module_preset=\"default\" custom_margin=\"|||15px|false|false\" global_colors_info=\"{}\" theme_builder_area=\"post_content\"][\/et_pb_image][\/et_pb_column][\/et_pb_row][et_pb_row _builder_version=\"4.27.4\" _module_preset=\"default\" background_color=\"gcid-08abc813-30a9-4e1b-92b1-d9a38579f1d4\" width=\"100%\" custom_padding=\"15px|||||\" global_colors_info=\"{%22gcid-08abc813-30a9-4e1b-92b1-d9a38579f1d4%22:%91%22background_color%22%93}\" theme_builder_area=\"post_content\"][et_pb_column type=\"4_4\" _builder_version=\"4.27.4\" _module_preset=\"default\" global_colors_info=\"{}\" theme_builder_area=\"post_content\"][et_pb_text _builder_version=\"4.27.4\" _module_preset=\"default\" text_text_color=\"gcid-fe2cc62c-cb0b-4131-987e-c9ceeb81c892\" custom_margin=\"|||10px|false|false\" custom_padding=\"13px||0px|||\" global_colors_info=\"{%22gcid-fe2cc62c-cb0b-4131-987e-c9ceeb81c892%22:%91%22text_text_color%22%93}\" theme_builder_area=\"post_content\"]<\/p>\n<h2><span style=\"color: #004f9f;\">A measurable return on investment<\/span><\/h2>\n<p><span style=\"color: #004f9f;\"><\/span><\/p>\n<p>[\/et_pb_text][et_pb_text _builder_version=\"4.27.4\" _module_preset=\"default\" custom_margin=\"|||10px|false|false\" custom_padding=\"13px||0px|||\" global_colors_info=\"{}\" theme_builder_area=\"post_content\"]<\/p>\n<p>France Air Expo is first and foremost a business-oriented event. With a targeted audience of decision-makers, buyers, and industry professionals, exhibitors benefit from maximum visibility and generate qualified business leads.<br \/>Sales opportunities are greatly enhanced, especially for companies whose sales teams do not cover the entire French or European territory.<\/p>\n<p>[\/et_pb_text][\/et_pb_column][\/et_pb_row][et_pb_row column_structure=\"1_3,2_3\" _builder_version=\"4.27.4\" _module_preset=\"default\" width=\"100%\" custom_padding=\"40px||31px|||\" global_colors_info=\"{}\" theme_builder_area=\"post_content\"][et_pb_column type=\"1_3\" _builder_version=\"4.27.4\" _module_preset=\"default\" global_colors_info=\"{}\" theme_builder_area=\"post_content\"][et_pb_image src=\"https:\/\/www.franceairexpo.com\/wp-content\/uploads\/2025\/11\/FAE-ph02-1.png\" title_text=\"FAE-ph02\" _builder_version=\"4.27.4\" _module_preset=\"default\" custom_margin=\"|20px|||false|false\" custom_padding=\"||22px|||\" global_colors_info=\"{}\" theme_builder_area=\"post_content\"][\/et_pb_image][\/et_pb_column][et_pb_column type=\"2_3\" _builder_version=\"4.27.4\" _module_preset=\"default\" global_colors_info=\"{}\" theme_builder_area=\"post_content\"][et_pb_text _builder_version=\"4.27.4\" _module_preset=\"default\" text_text_color=\"gcid-fe2cc62c-cb0b-4131-987e-c9ceeb81c892\" custom_padding=\"13px||0px|||\" global_colors_info=\"{%22gcid-fe2cc62c-cb0b-4131-987e-c9ceeb81c892%22:%91%22text_text_color%22%93}\" theme_builder_area=\"post_content\"]<\/p>\n<h2><span style=\"color: #004f9f;\">Maximum visibilityUne visibilit\u00e9 maximale<\/span><\/h2>\n<p>[\/et_pb_text][et_pb_text _builder_version=\"4.27.4\" _module_preset=\"default\" custom_padding=\"13px||0px|||\" global_colors_info=\"{}\" theme_builder_area=\"post_content\"]<\/p>\n<p>With over 175 exhibitors and represented brands, France Air Expo has become an essential meeting point for professionals in General Aviation.<\/p>\n<p>[\/et_pb_text][et_pb_text _builder_version=\"4.27.4\" _module_preset=\"default\" custom_padding=\"13px||0px|||\" global_colors_info=\"{}\" theme_builder_area=\"post_content\"]<\/p>\n<p>\u2022<strong> A qualified audience :<\/strong> 10,000 visitors at the previous edition \u2014 including pilots, business leaders, aircraft owners, flight schools, federations, airports, aviation enthusiasts, and specialized media.<br \/>\u2022 <strong>Prime location : <\/strong>your booth is located directly on the tarmac, at the heart of the static display area \u2014 ensuring constant traffic and spontaneous interactions.<br \/>\u2022 <strong>Product launches &amp; demonstrations: <\/strong>showcase your latest products, perform live demonstrations, and create excitement around your brand.<br \/>\u2022 <strong>Professional meetings &amp; networking :<\/strong> connect with key players, strengthen partnerships, and open doors to new markets.<br \/>\u2022 <strong>Innovation &amp; insight :<\/strong> discover the latest trends and exchange views on the challenges shaping the industry.<br \/>\u2022 <strong>Conferences &amp; panel discussions : <\/strong>take part in a rich program led by experts. As an exhibitor, you can also speak or associate your brand with a session, gaining additional visibility among a qualified and engaged audience.<\/p>\n<p>[\/et_pb_text][et_pb_text _builder_version=\"4.27.4\" _module_preset=\"default\" custom_padding=\"13px||0px|||\" global_colors_info=\"{}\" theme_builder_area=\"post_content\"]<\/p>\n<p>Extend your visibility beyond the event through multi-channel communication : website, social media, specialized press, newsletters, the official show catalogue, and on-site branding opportunities.<\/p>\n<p>[\/et_pb_text][\/et_pb_column][\/et_pb_row][et_pb_row _builder_version=\"4.27.4\" _module_preset=\"default\" background_color=\"gcid-08abc813-30a9-4e1b-92b1-d9a38579f1d4\" width=\"100%\" custom_padding=\"15px||11px|||\" global_colors_info=\"{%22gcid-08abc813-30a9-4e1b-92b1-d9a38579f1d4%22:%91%22background_color%22%93}\" theme_builder_area=\"post_content\"][et_pb_column type=\"4_4\" _builder_version=\"4.27.4\" _module_preset=\"default\" global_colors_info=\"{}\" theme_builder_area=\"post_content\"][et_pb_text _builder_version=\"4.27.4\" _module_preset=\"default\" text_text_color=\"gcid-fe2cc62c-cb0b-4131-987e-c9ceeb81c892\" custom_margin=\"|||10px|false|false\" custom_padding=\"13px||0px|||\" global_colors_info=\"{%22gcid-fe2cc62c-cb0b-4131-987e-c9ceeb81c892%22:%91%22text_text_color%22%93}\" theme_builder_area=\"post_content\"]<\/p>\n<h2><span style=\"color: #004f9f;\">How to Exhibit ?<\/span><\/h2>\n<p><span style=\"color: #004f9f;\"><\/span><\/p>\n<p>[\/et_pb_text][et_pb_text _builder_version=\"4.27.4\" _module_preset=\"default\" custom_margin=\"|||10px|false|false\" custom_padding=\"7px||0px|||\" global_colors_info=\"{}\" theme_builder_area=\"post_content\"]<\/p>\n<p><span style=\"color: #004f9f;\"><strong>Booths tailored to your needs<\/strong><\/span><\/p>\n<p>[\/et_pb_text][et_pb_text _builder_version=\"4.27.4\" _module_preset=\"default\" custom_margin=\"|||10px|false|false\" custom_padding=\"13px||0px|||\" global_colors_info=\"{}\" theme_builder_area=\"post_content\"]<\/p>\n<p>\u2022 Booths available from 6 m\u00b2 to over 100 m\u00b2<br \/>\u2022 Indoor or outdoor spaces<br \/>\u2022 Customizable layouts, with or without partitions, to suit your requirements<br \/>\u2022 Support available for decoration, furniture, and visual design through our approved partners<\/p>\n<p>[\/et_pb_text][\/et_pb_column][\/et_pb_row][et_pb_row column_structure=\"1_4,1_4,1_4,1_4\" _builder_version=\"4.27.4\" _module_preset=\"default\" background_color=\"gcid-08abc813-30a9-4e1b-92b1-d9a38579f1d4\" width=\"100%\" custom_margin=\"|auto|-3px|auto||\" global_colors_info=\"{%22gcid-08abc813-30a9-4e1b-92b1-d9a38579f1d4%22:%91%22background_color%22%93}\" theme_builder_area=\"post_content\"][et_pb_column type=\"1_4\" _builder_version=\"4.27.4\" _module_preset=\"default\" global_colors_info=\"{}\" theme_builder_area=\"post_content\"][et_pb_image src=\"https:\/\/www.franceairexpo.com\/wp-content\/uploads\/2025\/11\/521.png\" title_text=\"521\" _builder_version=\"4.27.4\" _module_preset=\"default\" custom_margin=\"|5px||10px|false|false\" global_colors_info=\"{}\" theme_builder_area=\"post_content\"][\/et_pb_image][\/et_pb_column][et_pb_column type=\"1_4\" _builder_version=\"4.27.4\" _module_preset=\"default\" global_colors_info=\"{}\" theme_builder_area=\"post_content\"][et_pb_image src=\"https:\/\/www.franceairexpo.com\/wp-content\/uploads\/2025\/11\/FAE24-FLY-7-TRAINING-JETFLY2.jpg\" title_text=\"FAE24 FLY 7 TRAINING JETFLY2\" _builder_version=\"4.27.4\" _module_preset=\"default\" custom_margin=\"|5px||5px|false|false\" global_colors_info=\"{}\" theme_builder_area=\"post_content\"][\/et_pb_image][\/et_pb_column][et_pb_column type=\"1_4\" _builder_version=\"4.27.4\" _module_preset=\"default\" global_colors_info=\"{}\" theme_builder_area=\"post_content\"][et_pb_image src=\"https:\/\/www.franceairexpo.com\/wp-content\/uploads\/2025\/11\/IMG_6088-GTA-CIR.png\" title_text=\"IMG_6088-GTA-CIR\" _builder_version=\"4.27.4\" _module_preset=\"default\" custom_margin=\"|5px||5px|false|false\" global_colors_info=\"{}\" theme_builder_area=\"post_content\"][\/et_pb_image][\/et_pb_column][et_pb_column type=\"1_4\" _builder_version=\"4.27.4\" _module_preset=\"default\" global_colors_info=\"{}\" theme_builder_area=\"post_content\"][et_pb_image src=\"https:\/\/www.franceairexpo.com\/wp-content\/uploads\/2025\/11\/IMG_9449.png\" title_text=\"IMG_9449\" _builder_version=\"4.27.4\" _module_preset=\"default\" custom_margin=\"|10px||5px|false|false\" global_colors_info=\"{}\" theme_builder_area=\"post_content\"][\/et_pb_image][\/et_pb_column][\/et_pb_row][et_pb_row _builder_version=\"4.27.4\" _module_preset=\"default\" background_color=\"gcid-08abc813-30a9-4e1b-92b1-d9a38579f1d4\" width=\"100%\" custom_padding=\"5px|||||\" global_colors_info=\"{%22gcid-08abc813-30a9-4e1b-92b1-d9a38579f1d4%22:%91%22background_color%22%93}\" theme_builder_area=\"post_content\"][et_pb_column type=\"4_4\" _builder_version=\"4.27.4\" _module_preset=\"default\" global_colors_info=\"{}\" theme_builder_area=\"post_content\"][et_pb_text _builder_version=\"4.27.4\" _module_preset=\"default\" custom_margin=\"|||10px|false|false\" custom_padding=\"7px||0px|||\" global_colors_info=\"{}\" theme_builder_area=\"post_content\"]<\/p>\n<p><span style=\"color: #004f9f;\"><strong>A strategic location <\/strong><\/span><\/p>\n<p>[\/et_pb_text][et_pb_text _builder_version=\"4.27.4\" _module_preset=\"default\" custom_margin=\"|||10px|false|false\" custom_padding=\"13px||0px|||\" global_colors_info=\"{}\" theme_builder_area=\"post_content\"]<\/p>\n<p>All exhibitor booths are located directly on the tarmac of the airport, offering an exceptional setting and full immersion in the world of aviation.<\/p>\n<p>[\/et_pb_text][\/et_pb_column][\/et_pb_row][et_pb_row column_structure=\"2_3,1_3\" _builder_version=\"4.27.4\" _module_preset=\"default\" width=\"100%\" custom_padding=\"23px||60px|||\" global_colors_info=\"{}\" theme_builder_area=\"post_content\"][et_pb_column type=\"2_3\" _builder_version=\"4.27.4\" _module_preset=\"default\" global_colors_info=\"{}\" theme_builder_area=\"post_content\"][et_pb_text _builder_version=\"4.27.4\" _module_preset=\"default\" text_text_color=\"gcid-fe2cc62c-cb0b-4131-987e-c9ceeb81c892\" custom_padding=\"13px||0px|||\" global_colors_info=\"{%22gcid-fe2cc62c-cb0b-4131-987e-c9ceeb81c892%22:%91%22text_text_color%22%93}\" theme_builder_area=\"post_content\"]<\/p>\n<h2><span style=\"color: #004f9f;\">Showcase your aircraft <\/span><\/h2>\n<p>[\/et_pb_text][et_pb_text _builder_version=\"4.27.4\" _module_preset=\"default\" custom_padding=\"13px||0px|||\" global_colors_info=\"{}\" theme_builder_area=\"post_content\"]<\/p>\n<p>Take advantage of over 60,000 sqm of static display area to exhibit your aircraft (ultralights, helicopters, jets, or certified airplanes\u2026).<br \/>Aircraft are positioned right in front of your booth, making demonstrations and discussions with visitors easy and effective.<\/p>\n<p><em>A booth is required to display an aircraft.<\/em><\/p>\n<p>[\/et_pb_text][\/et_pb_column][et_pb_column type=\"1_3\" _builder_version=\"4.27.4\" _module_preset=\"default\" global_colors_info=\"{}\" theme_builder_area=\"post_content\"][et_pb_image src=\"https:\/\/www.franceairexpo.com\/wp-content\/uploads\/2025\/11\/FAE-ph03-8.png\" title_text=\"FAE-ph03\" _builder_version=\"4.27.4\" _module_preset=\"default\" custom_margin=\"|||15px|false|false\" custom_padding=\"20px|||||\" animation_style=\"slide\" animation_direction=\"right\" global_colors_info=\"{}\" theme_builder_area=\"post_content\"][\/et_pb_image][\/et_pb_column][\/et_pb_row][et_pb_row _builder_version=\"4.27.4\" _module_preset=\"default\" background_color=\"gcid-08abc813-30a9-4e1b-92b1-d9a38579f1d4\" width=\"100%\" custom_padding=\"15px||19px|||\" global_colors_info=\"{%22gcid-08abc813-30a9-4e1b-92b1-d9a38579f1d4%22:%91%22background_color%22%93}\" theme_builder_area=\"post_content\"][et_pb_column type=\"4_4\" _builder_version=\"4.27.4\" _module_preset=\"default\" global_colors_info=\"{}\" theme_builder_area=\"post_content\"][et_pb_text _builder_version=\"4.27.4\" _module_preset=\"default\" text_text_color=\"gcid-fe2cc62c-cb0b-4131-987e-c9ceeb81c892\" custom_margin=\"|||10px|false|false\" custom_padding=\"13px||0px|||\" animation_style=\"slide\" global_colors_info=\"{%22gcid-fe2cc62c-cb0b-4131-987e-c9ceeb81c892%22:%91%22text_text_color%22%93}\" theme_builder_area=\"post_content\"]<\/p>\n<h2 style=\"text-align: center;\"><span style=\"color: #004f9f;\">Exhibit at France Air Expo 2026 and take your business to new heights!<\/span><\/h2>\n<p><span style=\"color: #004f9f;\"><\/span><\/p>\n<p>[\/et_pb_text][\/et_pb_column][\/et_pb_row][et_pb_row column_structure=\"1_2,1_2\" disabled_on=\"off|off|off\" _builder_version=\"4.27.4\" _module_preset=\"default\" width=\"100%\" display_conditions=\"W3siaWQiOiJiOGJiMmM2ZC01YTM1LTQwM2UtYmZmMC0yY2JmNmRhNWFkMGUiLCJjb25kaXRpb24iOiJsb2dnZWRJblN0YXR1cyIsImNvbmRpdGlvblNldHRpbmdzIjp7ImRpc3BsYXlSdWxlIjoibG9nZ2VkSW4iLCJhZG1pbkxhYmVsIjoiU3RhdHV0IGRlIGNvbm5leGlvbiIsImVuYWJsZUNvbmRpdGlvbiI6Im9mZiJ9LCJvcGVyYXRvciI6Ik9SIn1d\" custom_padding=\"60px|||||\" global_colors_info=\"{}\" theme_builder_area=\"post_content\"][et_pb_column type=\"1_2\" _builder_version=\"4.16\" _module_preset=\"default\" global_colors_info=\"{}\" theme_builder_area=\"post_content\"][et_pb_button button_url=\"#contact-form-brochure\" url_new_window=\"on\" button_text=\"BROCHURE\" button_alignment=\"center\" _builder_version=\"4.27.4\" _module_preset=\"default\" custom_button=\"on\" button_text_color=\"#FFFFFF\" button_bg_color=\"#004f9f\" button_font=\"Roboto||||||||\" global_colors_info=\"{}\" theme_builder_area=\"post_content\"][\/et_pb_button][\/et_pb_column][et_pb_column type=\"1_2\" _builder_version=\"4.16\" _module_preset=\"default\" global_colors_info=\"{}\" theme_builder_area=\"post_content\"][et_pb_button button_url=\"#contact-form-admission\" url_new_window=\"on\" button_text=\"DEMANDE D'ADMISSION\" button_alignment=\"center\" _builder_version=\"4.27.4\" _module_preset=\"default\" custom_button=\"on\" button_text_color=\"#ffffff\" button_bg_color=\"#004f9f\" button_font=\"Roboto||||||||\" global_colors_info=\"{}\" theme_builder_area=\"post_content\"][\/et_pb_button][\/et_pb_column][\/et_pb_row][\/et_pb_section][et_pb_section fb_built=\"1\" _builder_version=\"4.27.0\" _module_preset=\"default\" custom_margin=\"-10px||||false|false\" custom_padding=\"0px|||||\" da_disable_devices=\"off|off|off\" global_colors_info=\"{}\" theme_builder_area=\"post_content\" da_is_popup=\"off\" da_exit_intent=\"off\" da_has_close=\"on\" da_alt_close=\"off\" da_dark_close=\"off\" da_not_modal=\"on\" da_is_singular=\"off\" da_with_loader=\"off\" da_has_shadow=\"on\"][et_pb_row _builder_version=\"4.16\" _module_preset=\"default\" custom_margin=\"0px||20px||false|false\" custom_padding=\"0px||0px||false|false\" global_colors_info=\"{}\" theme_builder_area=\"post_content\"][et_pb_column type=\"4_4\" _builder_version=\"4.16\" _module_preset=\"default\" global_colors_info=\"{}\" theme_builder_area=\"post_content\"][et_pb_code admin_label=\"CHAT AI\" _builder_version=\"4.27.4\" _module_preset=\"default\" custom_css_free_form=\".grecaptcha-badge {||    left: 10px !important;||    right: auto !important;||    bottom: 10px !important;||    transform: scale(0.9);          \/* optionnel : r\u00e9duit l\u00e9g\u00e8rement la taille *\/||    transform-origin: 0 0;          \/* important pour garder le repli *\/||    width: 70px !important;         \/* force la version compacte *\/||    overflow: hidden !important;    \/* masque le panneau d\u00e9pli\u00e9 *\/||}||\" global_colors_info=\"{}\" theme_builder_area=\"post_content\"]\n<script>\n(function(){\n    if(!window.chatbase || window.chatbase(\"getState\") !== \"initialized\"){\n        window.chatbase = (...arguments) => {\n            if(!window.chatbase.q){\n                window.chatbase.q = []\n            }\n            window.chatbase.q.push(arguments)\n        };\n        window.chatbase = new Proxy(window.chatbase, {\n            get(target, prop){\n                if(prop === \"q\"){ \n                    return target.q \n                }\n                return (...args) => target(prop, ...args)\n            }\n        })\n    }\n\n    const onLoad = function(){\n        const script = document.createElement(\"script\");\n        script.src = \"https:\/\/www.chatbase.co\/embed.min.js\";\n        script.id = \"zvcIPqDquPxJkUF1YGbAE\";\n        script.domain = \"www.chatbase.co\";\n        document.body.appendChild(script);\n    };\n\n    if(document.readyState === \"complete\"){\n        onLoad();\n    } else {\n        window.addEventListener(\"load\", onLoad);\n    }\n})();\n<\/script>[\/et_pb_code][\/et_pb_column][\/et_pb_row][\/et_pb_section]<\/p>\n","protected":false},"excerpt":{"rendered":"<p>EXHIBIT AT FRANCE AIR EXPO 2026Expand your visibility at the heart of General AviationFrance Air Expo brings together in one place all the key players in the industry: manufacturers, equipment suppliers, service providers, training schools, federations, institutions, insurers, and financial organizations. It\u2019s a unique opportunity to showcase your latest innovations, meet your clients, and generate [&hellip;]<\/p>\n","protected":false},"author":1,"featured_media":0,"parent":0,"menu_order":0,"comment_status":"closed","ping_status":"closed","template":"","meta":{"_et_pb_use_builder":"on","_et_pb_old_content":"","_et_gb_content_width":"","footnotes":""},"class_list":["post-1108","page","type-page","status-publish","hentry"],"yoast_head":"<!-- This site is optimized with the Yoast SEO plugin v27.0 - https:\/\/yoast.com\/product\/yoast-seo-wordpress\/ -->\n<title>Exhibit - France Air Expo 2026, 4-5-6 juin, aeroport Lyon Bron<\/title>\n<meta name=\"description\" content=\"France Air Expo brings together the major players in general and business aviation, enabling a demanding clientele to discover the industry\u2019s latest developments and innovations\" \/>\n<meta name=\"robots\" content=\"index, follow, max-snippet:-1, max-image-preview:large, max-video-preview:-1\" \/>\n<link rel=\"canonical\" href=\"https:\/\/www.franceairexpo.com\/en\/exhibit\/\" \/>\n<meta property=\"og:locale\" content=\"en_US\" \/>\n<meta property=\"og:type\" content=\"article\" \/>\n<meta property=\"og:title\" content=\"Exhibit - France Air Expo 2026, 4-5-6 juin, aeroport Lyon Bron\" \/>\n<meta property=\"og:description\" content=\"France Air Expo brings together the major players in general and business aviation, enabling a demanding clientele to discover the industry\u2019s latest developments and innovations\" \/>\n<meta property=\"og:url\" content=\"https:\/\/www.franceairexpo.com\/en\/exhibit\/\" \/>\n<meta property=\"og:site_name\" content=\"FRANCE AIR EXPO\" \/>\n<meta property=\"article:publisher\" content=\"https:\/\/www.facebook.com\/Franceairexpo\" \/>\n<meta property=\"article:modified_time\" content=\"2026-03-05T22:12:36+00:00\" \/>\n<meta property=\"og:image\" content=\"https:\/\/www.franceairexpo.com\/wp-content\/uploads\/2021\/10\/3d9cfa84899179aa06962931dbad2240_800x720.jpg\" \/>\n\t<meta property=\"og:image:width\" content=\"800\" \/>\n\t<meta property=\"og:image:height\" content=\"720\" \/>\n\t<meta property=\"og:image:type\" content=\"image\/jpeg\" \/>\n<meta name=\"twitter:card\" content=\"summary_large_image\" \/>\n<meta name=\"twitter:label1\" content=\"Est. reading time\" \/>\n\t<meta name=\"twitter:data1\" content=\"4 minutes\" \/>\n<script type=\"application\/ld+json\" class=\"yoast-schema-graph\">{\"@context\":\"https:\/\/schema.org\",\"@graph\":[{\"@type\":\"WebPage\",\"@id\":\"https:\/\/www.franceairexpo.com\/en\/exhibit\/\",\"url\":\"https:\/\/www.franceairexpo.com\/en\/exhibit\/\",\"name\":\"Exhibit - France Air Expo 2026, 4-5-6 juin, aeroport Lyon Bron\",\"isPartOf\":{\"@id\":\"https:\/\/www.franceairexpo.com\/#website\"},\"datePublished\":\"2021-11-04T08:20:05+00:00\",\"dateModified\":\"2026-03-05T22:12:36+00:00\",\"description\":\"France Air Expo brings together the major players in general and business aviation, enabling a demanding clientele to discover the industry\u2019s latest developments and innovations\",\"breadcrumb\":{\"@id\":\"https:\/\/www.franceairexpo.com\/en\/exhibit\/#breadcrumb\"},\"inLanguage\":\"en-US\",\"potentialAction\":[{\"@type\":\"ReadAction\",\"target\":[\"https:\/\/www.franceairexpo.com\/en\/exhibit\/\"]}]},{\"@type\":\"BreadcrumbList\",\"@id\":\"https:\/\/www.franceairexpo.com\/en\/exhibit\/#breadcrumb\",\"itemListElement\":[{\"@type\":\"ListItem\",\"position\":1,\"name\":\"Accueil\",\"item\":\"https:\/\/www.franceairexpo.com\/en\/france-airexpo\/\"},{\"@type\":\"ListItem\",\"position\":2,\"name\":\"Exhibit\"}]},{\"@type\":\"WebSite\",\"@id\":\"https:\/\/www.franceairexpo.com\/#website\",\"url\":\"https:\/\/www.franceairexpo.com\/\",\"name\":\"FRANCE AIR EXPO\",\"description\":\"SALON INTERNATIONAL DE L\u2019AVIATION G\u00c9N\u00c9RALE\",\"publisher\":{\"@id\":\"https:\/\/www.franceairexpo.com\/#organization\"},\"potentialAction\":[{\"@type\":\"SearchAction\",\"target\":{\"@type\":\"EntryPoint\",\"urlTemplate\":\"https:\/\/www.franceairexpo.com\/?s={search_term_string}\"},\"query-input\":{\"@type\":\"PropertyValueSpecification\",\"valueRequired\":true,\"valueName\":\"search_term_string\"}}],\"inLanguage\":\"en-US\"},{\"@type\":\"Organization\",\"@id\":\"https:\/\/www.franceairexpo.com\/#organization\",\"name\":\"France Air Expo\",\"url\":\"https:\/\/www.franceairexpo.com\/\",\"logo\":{\"@type\":\"ImageObject\",\"inLanguage\":\"en-US\",\"@id\":\"https:\/\/www.franceairexpo.com\/#\/schema\/logo\/image\/\",\"url\":\"https:\/\/www.franceairexpo.com\/wp-content\/uploads\/2021\/10\/FAE22-LOGO-web.jpg\",\"contentUrl\":\"https:\/\/www.franceairexpo.com\/wp-content\/uploads\/2021\/10\/FAE22-LOGO-web.jpg\",\"width\":292,\"height\":157,\"caption\":\"France Air Expo\"},\"image\":{\"@id\":\"https:\/\/www.franceairexpo.com\/#\/schema\/logo\/image\/\"},\"sameAs\":[\"https:\/\/www.facebook.com\/Franceairexpo\",\"https:\/\/www.instagram.com\/franceairexpo\/\",\"https:\/\/www.linkedin.com\/company\/france-air-expo\"]}]}<\/script>\n<!-- \/ Yoast SEO plugin. -->","yoast_head_json":{"title":"Exhibit - France Air Expo 2026, 4-5-6 juin, aeroport Lyon Bron","description":"France Air Expo brings together the major players in general and business aviation, enabling a demanding clientele to discover the industry\u2019s latest developments and innovations","robots":{"index":"index","follow":"follow","max-snippet":"max-snippet:-1","max-image-preview":"max-image-preview:large","max-video-preview":"max-video-preview:-1"},"canonical":"https:\/\/www.franceairexpo.com\/en\/exhibit\/","og_locale":"en_US","og_type":"article","og_title":"Exhibit - France Air Expo 2026, 4-5-6 juin, aeroport Lyon Bron","og_description":"France Air Expo brings together the major players in general and business aviation, enabling a demanding clientele to discover the industry\u2019s latest developments and innovations","og_url":"https:\/\/www.franceairexpo.com\/en\/exhibit\/","og_site_name":"FRANCE AIR EXPO","article_publisher":"https:\/\/www.facebook.com\/Franceairexpo","article_modified_time":"2026-03-05T22:12:36+00:00","og_image":[{"width":800,"height":720,"url":"https:\/\/www.franceairexpo.com\/wp-content\/uploads\/2021\/10\/3d9cfa84899179aa06962931dbad2240_800x720.jpg","type":"image\/jpeg"}],"twitter_card":"summary_large_image","twitter_misc":{"Est. reading time":"4 minutes"},"schema":{"@context":"https:\/\/schema.org","@graph":[{"@type":"WebPage","@id":"https:\/\/www.franceairexpo.com\/en\/exhibit\/","url":"https:\/\/www.franceairexpo.com\/en\/exhibit\/","name":"Exhibit - France Air Expo 2026, 4-5-6 juin, aeroport Lyon Bron","isPartOf":{"@id":"https:\/\/www.franceairexpo.com\/#website"},"datePublished":"2021-11-04T08:20:05+00:00","dateModified":"2026-03-05T22:12:36+00:00","description":"France Air Expo brings together the major players in general and business aviation, enabling a demanding clientele to discover the industry\u2019s latest developments and innovations","breadcrumb":{"@id":"https:\/\/www.franceairexpo.com\/en\/exhibit\/#breadcrumb"},"inLanguage":"en-US","potentialAction":[{"@type":"ReadAction","target":["https:\/\/www.franceairexpo.com\/en\/exhibit\/"]}]},{"@type":"BreadcrumbList","@id":"https:\/\/www.franceairexpo.com\/en\/exhibit\/#breadcrumb","itemListElement":[{"@type":"ListItem","position":1,"name":"Accueil","item":"https:\/\/www.franceairexpo.com\/en\/france-airexpo\/"},{"@type":"ListItem","position":2,"name":"Exhibit"}]},{"@type":"WebSite","@id":"https:\/\/www.franceairexpo.com\/#website","url":"https:\/\/www.franceairexpo.com\/","name":"FRANCE AIR EXPO","description":"SALON INTERNATIONAL DE L\u2019AVIATION G\u00c9N\u00c9RALE","publisher":{"@id":"https:\/\/www.franceairexpo.com\/#organization"},"potentialAction":[{"@type":"SearchAction","target":{"@type":"EntryPoint","urlTemplate":"https:\/\/www.franceairexpo.com\/?s={search_term_string}"},"query-input":{"@type":"PropertyValueSpecification","valueRequired":true,"valueName":"search_term_string"}}],"inLanguage":"en-US"},{"@type":"Organization","@id":"https:\/\/www.franceairexpo.com\/#organization","name":"France Air Expo","url":"https:\/\/www.franceairexpo.com\/","logo":{"@type":"ImageObject","inLanguage":"en-US","@id":"https:\/\/www.franceairexpo.com\/#\/schema\/logo\/image\/","url":"https:\/\/www.franceairexpo.com\/wp-content\/uploads\/2021\/10\/FAE22-LOGO-web.jpg","contentUrl":"https:\/\/www.franceairexpo.com\/wp-content\/uploads\/2021\/10\/FAE22-LOGO-web.jpg","width":292,"height":157,"caption":"France Air Expo"},"image":{"@id":"https:\/\/www.franceairexpo.com\/#\/schema\/logo\/image\/"},"sameAs":["https:\/\/www.facebook.com\/Franceairexpo","https:\/\/www.instagram.com\/franceairexpo\/","https:\/\/www.linkedin.com\/company\/france-air-expo"]}]}},"_links":{"self":[{"href":"https:\/\/www.franceairexpo.com\/en\/wp-json\/wp\/v2\/pages\/1108","targetHints":{"allow":["GET"]}}],"collection":[{"href":"https:\/\/www.franceairexpo.com\/en\/wp-json\/wp\/v2\/pages"}],"about":[{"href":"https:\/\/www.franceairexpo.com\/en\/wp-json\/wp\/v2\/types\/page"}],"author":[{"embeddable":true,"href":"https:\/\/www.franceairexpo.com\/en\/wp-json\/wp\/v2\/users\/1"}],"replies":[{"embeddable":true,"href":"https:\/\/www.franceairexpo.com\/en\/wp-json\/wp\/v2\/comments?post=1108"}],"version-history":[{"count":388,"href":"https:\/\/www.franceairexpo.com\/en\/wp-json\/wp\/v2\/pages\/1108\/revisions"}],"predecessor-version":[{"id":14455,"href":"https:\/\/www.franceairexpo.com\/en\/wp-json\/wp\/v2\/pages\/1108\/revisions\/14455"}],"wp:attachment":[{"href":"https:\/\/www.franceairexpo.com\/en\/wp-json\/wp\/v2\/media?parent=1108"}],"curies":[{"name":"wp","href":"https:\/\/api.w.org\/{rel}","templated":true}]}}