{"id":1102,"date":"2021-11-04T08:27:19","date_gmt":"2021-11-04T07:27:19","guid":{"rendered":"https:\/\/www.franceairexpo.com\/conferences\/"},"modified":"2026-03-05T23:02:22","modified_gmt":"2026-03-05T22:02:22","slug":"conferences","status":"publish","type":"page","link":"https:\/\/www.franceairexpo.com\/en\/conferences\/","title":{"rendered":"Conferences"},"content":{"rendered":"<p>[et_pb_section fb_built=\"1\" _builder_version=\"4.16\" _module_preset=\"default\" background_enable_image=\"off\" background_size=\"contain\" background_position=\"top_left\" custom_padding=\"9px||2px|||\" da_disable_devices=\"off|off|off\" global_colors_info=\"{}\" theme_builder_area=\"post_content\" da_is_popup=\"off\" da_exit_intent=\"off\" da_has_close=\"on\" da_alt_close=\"off\" da_dark_close=\"off\" da_not_modal=\"on\" da_is_singular=\"off\" da_with_loader=\"off\" da_has_shadow=\"on\"][et_pb_row disabled_on=\"on|on|on\" _builder_version=\"4.27.4\" _module_preset=\"default\" max_width_tablet=\"\" max_width_phone=\"100%\" max_width_last_edited=\"on|phone\" module_alignment=\"center\" overflow-x=\"hidden\" disabled global_module=\"315\" saved_tabs=\"all\" global_colors_info=\"{}\" theme_builder_area=\"post_content\"][et_pb_column type=\"4_4\" _builder_version=\"4.20.2\" _module_preset=\"default\" global_colors_info=\"{}\" theme_builder_area=\"post_content\"][et_pb_gallery gallery_ids=\"11156,11226\" gallery_orderby=\"rand\" posts_number=\"1\" orientation=\"portrait\" show_pagination=\"off\" disabled_on=\"on|on|on\" admin_label=\"Annonceurs\" module_class=\"dbl_gal_link dbl_annonceurs\" _builder_version=\"4.27.4\" _module_preset=\"default\" width=\"880px\" width_tablet=\"\" width_phone=\"100%\" width_last_edited=\"on|phone\" module_alignment=\"center\" custom_css_gallery_item=\"width:880px !important;\" disabled global_colors_info=\"{}\" custom_css_gallery_item_last_edited=\"on|phone\" custom_css_gallery_item_phone=\"width:100% !important;\" custom_css_gallery_item_tablet=\"width:880px !important;\" theme_builder_area=\"post_content\"][\/et_pb_gallery][\/et_pb_column][\/et_pb_row][\/et_pb_section][et_pb_section fb_built=\"1\" _builder_version=\"4.27.4\" _module_preset=\"default\" width=\"80%\" max_width=\"1080px\" module_alignment=\"center\" custom_margin=\"0px||||false|false\" custom_padding=\"0px||||false|false\" hover_enabled=\"0\" da_disable_devices=\"off|off|off\" global_colors_info=\"{}\" theme_builder_area=\"post_content\" sticky_enabled=\"0\" da_is_popup=\"off\" da_exit_intent=\"off\" da_has_close=\"on\" da_alt_close=\"off\" da_dark_close=\"off\" da_not_modal=\"on\" da_is_singular=\"off\" da_with_loader=\"off\" da_has_shadow=\"on\"][et_pb_row _builder_version=\"4.27.4\" _module_preset=\"default\" width=\"100%\" custom_padding=\"4px||7px|||\" global_colors_info=\"{}\" theme_builder_area=\"post_content\"][et_pb_column type=\"4_4\" _builder_version=\"4.16\" _module_preset=\"default\" global_colors_info=\"{}\" theme_builder_area=\"post_content\"][et_pb_text _builder_version=\"4.27.4\" _module_preset=\"1210bc3a-89f0-4a0d-8923-abc10d8aa129\" text_font=\"Roboto||||||||\" custom_padding=\"26px||4px|||\" border_width_bottom=\"1px\" locked=\"off\" inline_fonts=\"Roboto\" global_colors_info=\"{%22gcid-cc4e4980-7e9b-4ebe-ac85-10b081055873%22:%91%22text_text_color%22,%22text_text_color%22,%22text_text_color%22%93,%22gcid-fe2cc62c-cb0b-4131-987e-c9ceeb81c892%22:%91%22border_color_bottom%22%93}\" theme_builder_area=\"post_content\"]<\/p>\n<h1><strong><span style=\"font-family: Roboto;\">CONEFERENCE<\/span><\/strong><\/h1>\n<p>[\/et_pb_text][\/et_pb_column][\/et_pb_row][et_pb_row _builder_version=\"4.27.4\" _module_preset=\"default\" width=\"100%\" custom_padding=\"0px||8px||false|false\" global_colors_info=\"{}\" theme_builder_area=\"post_content\"][et_pb_column type=\"4_4\" _builder_version=\"4.27.4\" _module_preset=\"default\" global_colors_info=\"{}\" theme_builder_area=\"post_content\"][et_pb_text _builder_version=\"4.27.4\" _module_preset=\"default\" custom_margin=\"|0px||10px|false|false\" custom_padding=\"25px||16px|||\" global_colors_info=\"{}\" theme_builder_area=\"post_content\"]<\/p>\n<h2><span style=\"font-size: x-large; color: #004f9f;\"><strong>France Air Expo 2026 \u2013 Conference<\/strong><\/span><\/h2>\n<p>[\/et_pb_text][et_pb_text _builder_version=\"4.27.4\" _module_preset=\"default\" custom_margin=\"|0px||10px|false|false\" global_colors_info=\"{}\" theme_builder_area=\"post_content\"]<\/p>\n<p>Each year, France Air Expo presents a program of conferences and panel discussions bringing together the leading voices in General Aviation.<\/p>\n<p>These sessions provide a privileged forum for exchange between professionals, institutions, manufacturers, operators, flight schools, students, and aviation enthusiasts.<\/p>\n<p>[\/et_pb_text][\/et_pb_column][\/et_pb_row][et_pb_row column_structure=\"1_2,1_2\" _builder_version=\"4.27.4\" _module_preset=\"default\" width=\"100%\" custom_margin=\"|auto|-6px|auto||\" custom_padding=\"7px||0px||false|false\" global_colors_info=\"{}\" theme_builder_area=\"post_content\"][et_pb_column type=\"1_2\" _builder_version=\"4.27.4\" _module_preset=\"default\" global_colors_info=\"{}\" theme_builder_area=\"post_content\"][et_pb_image src=\"https:\/\/www.franceairexpo.com\/wp-content\/uploads\/2025\/11\/Ph-C02.jpg\" title_text=\"Ph-C02\" _builder_version=\"4.27.4\" _module_preset=\"default\" custom_margin=\"|10px|22px||false|false\" custom_padding=\"21px||7px|||\" global_colors_info=\"{}\" theme_builder_area=\"post_content\"][\/et_pb_image][\/et_pb_column][et_pb_column type=\"1_2\" _builder_version=\"4.27.4\" _module_preset=\"default\" global_colors_info=\"{}\" theme_builder_area=\"post_content\"][et_pb_image src=\"https:\/\/www.franceairexpo.com\/wp-content\/uploads\/2025\/11\/Ph-C01.jpg\" title_text=\"Ph-C01\" _builder_version=\"4.27.4\" _module_preset=\"default\" custom_margin=\"|10px|22px||false|false\" custom_padding=\"21px||7px|||\" global_colors_info=\"{}\" theme_builder_area=\"post_content\"][\/et_pb_image][\/et_pb_column][\/et_pb_row][et_pb_row _builder_version=\"4.27.4\" _module_preset=\"default\" width=\"100%\" custom_padding=\"12px|||||\" global_colors_info=\"{}\" theme_builder_area=\"post_content\"][et_pb_column type=\"4_4\" _builder_version=\"4.27.4\" _module_preset=\"default\" global_colors_info=\"{}\" theme_builder_area=\"post_content\"][et_pb_text _builder_version=\"4.27.4\" _module_preset=\"default\" custom_margin=\"|0px||10px|false|false\" custom_padding=\"0px|||||\" global_colors_info=\"{}\" theme_builder_area=\"post_content\"]<\/p>\n<p>Open to all, young people, professionals, pilots, and enthusiasts, the program addresses the key challenges of today\u2019s and tomorrow\u2019s aviation, including:<\/p>\n<p>\u2022 Innovations technologiques et durabilit\u00e9,<br \/>\u2022 Technological innovation and sustainability<br \/>\u2022 New European regulations<br \/>\u2022 Safety and maintenance<br \/>\u2022 Market outlook for General Aviation and emerging air mobility<\/p>\n<p>[\/et_pb_text][\/et_pb_column][\/et_pb_row][et_pb_row column_structure=\"3_5,2_5\" _builder_version=\"4.27.4\" _module_preset=\"default\" background_color=\"gcid-08abc813-30a9-4e1b-92b1-d9a38579f1d4\" width=\"100%\" custom_padding=\"||3px||false|false\" global_colors_info=\"{%22gcid-08abc813-30a9-4e1b-92b1-d9a38579f1d4%22:%91%22background_color%22%93}\" theme_builder_area=\"post_content\"][et_pb_column type=\"3_5\" _builder_version=\"4.27.4\" _module_preset=\"default\" global_colors_info=\"{}\" theme_builder_area=\"post_content\"][et_pb_text _builder_version=\"4.27.4\" _module_preset=\"default\" custom_margin=\"|0px||10px|false|false\" global_colors_info=\"{}\" theme_builder_area=\"post_content\"]<\/p>\n<h2><span style=\"font-size: x-large; color: #004f9f;\"><strong>Insightful, accessible discussions<\/strong><\/span><\/h2>\n<p>[\/et_pb_text][et_pb_text _builder_version=\"4.27.4\" _module_preset=\"default\" custom_margin=\"|0px||10px|false|false\" global_colors_info=\"{}\" theme_builder_area=\"post_content\"]<\/p>\n<p>The conferences are an ideal opportunity to share experience, explore industry trends, and strengthen connections across the aviation community.<\/p>\n<p><strong>Interested in learning more about careers in General Aviation ?<\/strong><\/p>\n<p>You\u2019re most welcome !<\/p>\n<p><strong>Access to the conferences is free <\/strong>for all show visitors.<\/p>\n<p>Check the program and prepare your questions : the future of General Aviation is being built with you!<\/p>\n<p>[\/et_pb_text][\/et_pb_column][et_pb_column type=\"2_5\" _builder_version=\"4.27.4\" _module_preset=\"default\" global_colors_info=\"{}\" theme_builder_area=\"post_content\"][et_pb_image src=\"https:\/\/www.franceairexpo.com\/wp-content\/uploads\/2025\/11\/IMG_2613.jpg\" title_text=\"IMG_2613\" _builder_version=\"4.27.4\" _module_preset=\"default\" custom_margin=\"3px|10px|22px||false|false\" custom_padding=\"37px||21px|||\" global_colors_info=\"{}\" theme_builder_area=\"post_content\"][\/et_pb_image][\/et_pb_column][\/et_pb_row][et_pb_row column_structure=\"1_4,1_4,1_4,1_4\" _builder_version=\"4.27.4\" _module_preset=\"default\" background_color=\"gcid-08abc813-30a9-4e1b-92b1-d9a38579f1d4\" width=\"100%\" locked=\"off\" global_colors_info=\"{%22gcid-08abc813-30a9-4e1b-92b1-d9a38579f1d4%22:%91%22background_color%22%93}\" theme_builder_area=\"post_content\"][et_pb_column type=\"1_4\" _builder_version=\"4.27.4\" _module_preset=\"default\" global_colors_info=\"{}\" theme_builder_area=\"post_content\"][et_pb_image src=\"https:\/\/www.franceairexpo.com\/wp-content\/uploads\/2025\/11\/IMG_2201-scaled.jpg\" title_text=\"IMG_2201\" _builder_version=\"4.27.4\" _module_preset=\"default\" custom_margin=\"|5px||10px|false|false\" global_colors_info=\"{}\" theme_builder_area=\"post_content\"][\/et_pb_image][\/et_pb_column][et_pb_column type=\"1_4\" _builder_version=\"4.27.4\" _module_preset=\"default\" global_colors_info=\"{}\" theme_builder_area=\"post_content\"][et_pb_image src=\"https:\/\/www.franceairexpo.com\/wp-content\/uploads\/2025\/11\/Ph01.png\" title_text=\"Ph01\" _builder_version=\"4.27.4\" _module_preset=\"default\" custom_margin=\"|5px||5px|false|false\" global_colors_info=\"{}\" theme_builder_area=\"post_content\"][\/et_pb_image][\/et_pb_column][et_pb_column type=\"1_4\" _builder_version=\"4.27.4\" _module_preset=\"default\" global_colors_info=\"{}\" theme_builder_area=\"post_content\"][et_pb_image src=\"https:\/\/www.franceairexpo.com\/wp-content\/uploads\/2025\/11\/IMG_2181-scaled.jpg\" title_text=\"IMG_2181\" _builder_version=\"4.27.4\" _module_preset=\"default\" custom_margin=\"|5px||5px|false|false\" global_colors_info=\"{}\" theme_builder_area=\"post_content\"][\/et_pb_image][\/et_pb_column][et_pb_column type=\"1_4\" _builder_version=\"4.27.4\" _module_preset=\"default\" global_colors_info=\"{}\" theme_builder_area=\"post_content\"][et_pb_image src=\"https:\/\/www.franceairexpo.com\/wp-content\/uploads\/2025\/11\/IMG_3476.jpg\" title_text=\"IMG_3476\" _builder_version=\"4.27.4\" _module_preset=\"default\" custom_margin=\"|10px||5px|false|false\" global_colors_info=\"{}\" theme_builder_area=\"post_content\"][\/et_pb_image][\/et_pb_column][\/et_pb_row][et_pb_row _builder_version=\"4.27.4\" _module_preset=\"default\" width=\"100%\" custom_padding=\"4px||7px|||\" global_colors_info=\"{}\" theme_builder_area=\"post_content\"][et_pb_column type=\"4_4\" _builder_version=\"4.16\" _module_preset=\"default\" global_colors_info=\"{}\" theme_builder_area=\"post_content\"][et_pb_text _builder_version=\"4.27.4\" _module_preset=\"598c3072-63c5-4773-9955-424990375d45\" text_text_color=\"gcid-body-color\" custom_margin=\"||7px|||\" custom_padding=\"47px||19px|||\" inline_fonts=\"Poppins\" global_colors_info=\"{%22gcid-body-color%22:%91%22text_text_color%22%93}\" theme_builder_area=\"post_content\"]<\/p>\n<p style=\"text-align: left;\"><strong>Join us for this unique event and take an active part in the discussions shaping the future of our profession.<\/strong><\/p>\n<p>[\/et_pb_text][et_pb_text _builder_version=\"4.27.4\" _module_preset=\"598c3072-63c5-4773-9955-424990375d45\" text_text_color=\"gcid-body-color\" custom_margin=\"||25px|||\" custom_padding=\"23px||24px|||\" inline_fonts=\"Poppins\" global_colors_info=\"{%22gcid-body-color%22:%91%22text_text_color%22%93}\" theme_builder_area=\"post_content\"]<\/p>\n<p style=\"text-align: left;\"><strong>For more information or to register, please send an email including your contact details (Company, First Name, Last Name, Email, Phone).<\/strong><\/p>\n<p>[\/et_pb_text][et_pb_button button_url=\"mailto:fiona@airexpo.aero?subject=France%20Air%20Expo%202026%20Conferences%20\" url_new_window=\"on\" button_text=\"Email\" button_alignment=\"center\" _builder_version=\"4.27.4\" _module_preset=\"default\" custom_button=\"on\" button_text_color=\"gcid-70f0c424-8a2a-4669-8c8f-80524ea1b2a2\" button_bg_color=\"gcid-b9f0a484-575f-4a0e-b4c2-3c1a2245ac92\" animation_style=\"slide\" global_colors_info=\"{%22gcid-70f0c424-8a2a-4669-8c8f-80524ea1b2a2%22:%91%22button_text_color%22%93,%22gcid-b9f0a484-575f-4a0e-b4c2-3c1a2245ac92%22:%91%22button_bg_color%22%93}\" theme_builder_area=\"post_content\"][\/et_pb_button][et_pb_text _builder_version=\"4.27.4\" _module_preset=\"598c3072-63c5-4773-9955-424990375d45\" text_text_color=\"gcid-body-color\" custom_margin=\"||25px|||\" custom_padding=\"49px||27px|||\" inline_fonts=\"Poppins\" global_colors_info=\"{%22gcid-body-color%22:%91%22text_text_color%22%93}\" theme_builder_area=\"post_content\"]<\/p>\n<p style=\"text-align: center;\">We look forward to welcoming you for an inspiring experience of sharing and innovation !<\/p>\n<p>[\/et_pb_text][et_pb_divider color=\"gcid-b9f0a484-575f-4a0e-b4c2-3c1a2245ac92\" _builder_version=\"4.27.4\" _module_preset=\"default\" custom_padding=\"||35px|||\" global_colors_info=\"{%22gcid-b9f0a484-575f-4a0e-b4c2-3c1a2245ac92%22:%91%22color%22%93}\" theme_builder_area=\"post_content\"][\/et_pb_divider][et_pb_text _builder_version=\"4.27.4\" _module_preset=\"default\" custom_margin=\"|0px||10px|false|false\" global_colors_info=\"{}\" theme_builder_area=\"post_content\"]<\/p>\n<h2><span style=\"font-size: x-large; color: #004f9f;\"><strong>Program 2025<\/strong><\/span><\/h2>\n<p>[\/et_pb_text][et_pb_text _builder_version=\"4.27.4\" _module_preset=\"598c3072-63c5-4773-9955-424990375d45\" text_text_color=\"#FFFFFF\" text_font_size=\"20px\" background_color=\"gcid-b9f0a484-575f-4a0e-b4c2-3c1a2245ac92\" text_orientation=\"center\" custom_margin=\"40px|0px|20px|0px|false|false\" custom_padding=\"20px|5px|20px|5px|false|false\" animation_direction=\"right\" inline_fonts=\"Poppins\" global_colors_info=\"{%22gcid-b9f0a484-575f-4a0e-b4c2-3c1a2245ac92%22:%91%22background_color%22%93}\" theme_builder_area=\"post_content\"]<\/p>\n<p><strong>JEUDI 5 JUIN<\/strong><\/p>\n<p>[\/et_pb_text][\/et_pb_column][\/et_pb_row][et_pb_row column_structure=\"1_2,1_2\" _builder_version=\"4.27.4\" _module_preset=\"default\" global_colors_info=\"{}\" theme_builder_area=\"post_content\"][et_pb_column type=\"1_2\" _builder_version=\"4.27.4\" _module_preset=\"default\" global_colors_info=\"{}\" theme_builder_area=\"post_content\"][et_pb_text _builder_version=\"4.27.4\" _module_preset=\"default\" text_orientation=\"center\" global_colors_info=\"{}\" theme_builder_area=\"post_content\"]<\/p>\n<p><strong>10:15<\/strong><br \/><em>Salle Louis Mouillard<\/em><\/p>\n<p>[\/et_pb_text][\/et_pb_column][et_pb_column type=\"1_2\" _builder_version=\"4.27.4\" _module_preset=\"default\" global_colors_info=\"{}\" theme_builder_area=\"post_content\"][et_pb_text _builder_version=\"4.27.4\" _module_preset=\"default\" text_orientation=\"center\" global_colors_info=\"{}\" theme_builder_area=\"post_content\"]<\/p>\n<p style=\"text-align: left;\"><span style=\"text-decoration: underline;\"><strong>Perspectives et Emploi de la Fili\u00e9re A\u00e9rospatiale <br \/><\/strong><\/span><br \/><strong>Acad\u00e9mie A\u00e9ronautique et Spatiale<\/strong> - <br \/>Jean Fromion, Directeur G\u00e9n\u00e9ral<br \/><strong>A\u00e9rospace Cluster<\/strong> - <br \/>Fr\u00e9d\u00e9ric Antras, D\u00e9l\u00e9gu\u00e9 G\u00e9n\u00e9ral<br \/><strong>CMQE<\/strong> - Nicolas Libreau, <br \/>Directeur op\u00e9rationnel<\/p>\n<p>[\/et_pb_text][\/et_pb_column][\/et_pb_row][et_pb_row column_structure=\"1_2,1_2\" _builder_version=\"4.27.4\" _module_preset=\"default\" global_colors_info=\"{}\" theme_builder_area=\"post_content\"][et_pb_column type=\"1_2\" _builder_version=\"4.27.4\" _module_preset=\"default\" global_colors_info=\"{}\" theme_builder_area=\"post_content\"][et_pb_text _builder_version=\"4.27.4\" _module_preset=\"default\" text_orientation=\"center\" global_colors_info=\"{}\" theme_builder_area=\"post_content\"]<\/p>\n<p><strong>11:15<\/strong><br \/><em>Salle Louis Mouillard<\/em><\/p>\n<p>[\/et_pb_text][\/et_pb_column][et_pb_column type=\"1_2\" _builder_version=\"4.27.4\" _module_preset=\"default\" global_colors_info=\"{}\" theme_builder_area=\"post_content\"][et_pb_text _builder_version=\"4.27.4\" _module_preset=\"default\" text_orientation=\"center\" global_colors_info=\"{}\" theme_builder_area=\"post_content\"]<\/p>\n<p style=\"text-align: left;\"><span style=\"text-decoration: underline;\"><strong>De m\u00e9canicienne navigante sur Airbus \u00e0 chef du Centre d\u2019Information et de Recrutement de l\u2019Arm\u00e9e de l\u2019Air et de l\u2019Espace<br \/><\/strong><\/span><br \/><strong>CIRFA<\/strong> - ADC Caroline Jobin<\/p>\n<p>[\/et_pb_text][\/et_pb_column][\/et_pb_row][et_pb_row column_structure=\"1_2,1_2\" _builder_version=\"4.27.4\" _module_preset=\"default\" global_colors_info=\"{}\" theme_builder_area=\"post_content\"][et_pb_column type=\"1_2\" _builder_version=\"4.27.4\" _module_preset=\"default\" global_colors_info=\"{}\" theme_builder_area=\"post_content\"][et_pb_text _builder_version=\"4.27.4\" _module_preset=\"default\" text_orientation=\"center\" global_colors_info=\"{}\" theme_builder_area=\"post_content\"]<\/p>\n<p><strong>12:00<\/strong><br \/><em>Salle Louis Mouillard<\/em><\/p>\n<p>[\/et_pb_text][\/et_pb_column][et_pb_column type=\"1_2\" _builder_version=\"4.27.4\" _module_preset=\"default\" global_colors_info=\"{}\" theme_builder_area=\"post_content\"][et_pb_text _builder_version=\"4.27.4\" _module_preset=\"default\" text_orientation=\"center\" global_colors_info=\"{}\" theme_builder_area=\"post_content\"]<\/p>\n<p style=\"text-align: left;\"><span style=\"text-decoration: underline;\"><strong>France travail Pro, un partenaire pr\u00e9cieux pour vous aider \u00e0 recruter<\/strong><\/span><br \/><strong><\/strong><\/p>\n<p style=\"font-weight: 400; text-align: left;\">France Travail Pro est une marque d\u00e9di\u00e9e aux entreprises, avec des services disponibles \u00e0 toutes les \u00e9tapes du recrutement.<\/p>\n<ul style=\"font-weight: 400;\">\n<li style=\"text-align: left;\">6000 conseillers France Travail pro sur tout le territoire national, \u00e0 l\u2019\u00e9coute et au service des recruteurs, de l\u2019analyse de poste \u00e0 la s\u00e9lection de candidats.<\/li>\n<li style=\"text-align: left;\">Pour des secteurs porteurs comme l\u2019a\u00e9ronautique, France Travail pro d\u00e9ploie une r\u00e9elle strat\u00e9gie sectorielle, avec une expertise du secteur et des outils performants pour faire face aux difficult\u00e9s de recrutement : focus sur l\u2019immersion, les formations avant embauche, et les m\u00e9thodes de recrutements inclusives (M\u00e9thode de recrutement par simulation, recrutement par le sport)<\/li>\n<\/ul>\n<p style=\"text-align: left;\"><strong><\/strong><\/p>\n<p style=\"text-align: left;\">B\u00e9atrice Bonfils<\/p>\n<p>[\/et_pb_text][\/et_pb_column][\/et_pb_row][et_pb_row column_structure=\"1_2,1_2\" _builder_version=\"4.27.4\" _module_preset=\"default\" global_colors_info=\"{}\" theme_builder_area=\"post_content\"][et_pb_column type=\"1_2\" _builder_version=\"4.27.4\" _module_preset=\"default\" global_colors_info=\"{}\" theme_builder_area=\"post_content\"][et_pb_text _builder_version=\"4.27.4\" _module_preset=\"default\" text_orientation=\"center\" global_colors_info=\"{}\" theme_builder_area=\"post_content\"]<\/p>\n<p><strong>14:00<\/strong><br \/><em>Salle Louis Mouillard<\/em><\/p>\n<p>[\/et_pb_text][\/et_pb_column][et_pb_column type=\"1_2\" _builder_version=\"4.27.4\" _module_preset=\"default\" global_colors_info=\"{}\" theme_builder_area=\"post_content\"][et_pb_text _builder_version=\"4.27.4\" _module_preset=\"default\" text_orientation=\"center\" global_colors_info=\"{}\" theme_builder_area=\"post_content\"]<\/p>\n<p style=\"text-align: left;\"><span style=\"text-decoration: underline;\"><strong>Pr\u00e9sentation des Nouveaux Produits<\/strong><\/span><\/p>\n<p>[\/et_pb_text][et_pb_image src=\"https:\/\/www.franceairexpo.com\/wp-content\/uploads\/2024\/05\/Garmin-logo.png\" title_text=\"Garmin logo\" _builder_version=\"4.27.4\" _module_preset=\"default\" global_colors_info=\"{}\" theme_builder_area=\"post_content\"][\/et_pb_image][\/et_pb_column][\/et_pb_row][et_pb_row column_structure=\"1_2,1_2\" _builder_version=\"4.27.4\" _module_preset=\"default\" global_colors_info=\"{}\" theme_builder_area=\"post_content\"][et_pb_column type=\"1_2\" _builder_version=\"4.27.4\" _module_preset=\"default\" global_colors_info=\"{}\" theme_builder_area=\"post_content\"][et_pb_text _builder_version=\"4.27.4\" _module_preset=\"default\" text_orientation=\"center\" global_colors_info=\"{}\" theme_builder_area=\"post_content\"]<\/p>\n<p><strong>15:00<\/strong><br \/><em>Salle Louis Mouillard<\/em><\/p>\n<p>[\/et_pb_text][\/et_pb_column][et_pb_column type=\"1_2\" _builder_version=\"4.27.4\" _module_preset=\"default\" global_colors_info=\"{}\" theme_builder_area=\"post_content\"][et_pb_text _builder_version=\"4.27.4\" _module_preset=\"default\" text_orientation=\"center\" global_colors_info=\"{}\" theme_builder_area=\"post_content\"]<\/p>\n<p style=\"text-align: left;\"><span style=\"text-decoration: underline;\"><strong>Du Nouveau pour l\u2019ULM<br \/><\/strong><\/span><\/p>\n<p style=\"text-align: left;\">Le nouvel Arr\u00eat\u00e9 du 17 f\u00e9vrier 2025 relatif \u00e0 l\u2019utilisation des ULM plus commun\u00e9ment appel\u00e9 \u00ab Arr\u00eat\u00e9 OPS \u00bb<\/p>\n<p style=\"text-align: left;\">Cette conf\u00e9rence serait anim\u00e9e par Louis Collardeau ancien 1er Vice-pr\u00e9sident de la FFPLUM.<\/p>\n<p style=\"text-align: left;\"><strong>FFPLUM<\/strong><\/p>\n<p>[\/et_pb_text][\/et_pb_column][\/et_pb_row][et_pb_row column_structure=\"1_2,1_2\" _builder_version=\"4.27.4\" _module_preset=\"default\" global_colors_info=\"{}\" theme_builder_area=\"post_content\"][et_pb_column type=\"1_2\" _builder_version=\"4.27.4\" _module_preset=\"default\" global_colors_info=\"{}\" theme_builder_area=\"post_content\"][et_pb_text _builder_version=\"4.27.4\" _module_preset=\"default\" text_orientation=\"center\" global_colors_info=\"{}\" theme_builder_area=\"post_content\"]<\/p>\n<p><strong>16:00<\/strong><br \/><em>Salle Louis Mouillard<\/em><\/p>\n<p>[\/et_pb_text][\/et_pb_column][et_pb_column type=\"1_2\" _builder_version=\"4.27.4\" _module_preset=\"default\" global_colors_info=\"{}\" theme_builder_area=\"post_content\"][et_pb_text _builder_version=\"4.27.4\" _module_preset=\"default\" text_orientation=\"center\" global_colors_info=\"{}\" theme_builder_area=\"post_content\"]<\/p>\n<p style=\"text-align: left;\"><span style=\"text-decoration: underline;\"><strong>CONSTRUCTIONS, RESTAURATION, COLLECTION<\/strong><\/span><\/p>\n<p style=\"text-align: left;\">Relation avec l'OSAC et DGAC renouvellement des certifications des CN.<\/p>\n<p style=\"text-align: left;\">Dominique Simon PDT,<br \/>Paul Boucher pour la r\u00e9gion, <br \/>PEN Patrick Cottereau<\/p>\n<p style=\"text-align: left;\"><strong>RSA<\/strong> <\/p>\n<p>[\/et_pb_text][\/et_pb_column][\/et_pb_row][et_pb_row _builder_version=\"4.27.4\" _module_preset=\"default\" width=\"100%\" custom_padding=\"21px|||||\" global_colors_info=\"{}\" theme_builder_area=\"post_content\"][et_pb_column type=\"4_4\" _builder_version=\"4.27.4\" _module_preset=\"default\" global_colors_info=\"{}\" theme_builder_area=\"post_content\"][et_pb_text _builder_version=\"4.27.4\" _module_preset=\"598c3072-63c5-4773-9955-424990375d45\" text_text_color=\"#FFFFFF\" text_font_size=\"20px\" background_color=\"gcid-b9f0a484-575f-4a0e-b4c2-3c1a2245ac92\" text_orientation=\"center\" custom_margin=\"40px|0px|20px|0px|false|false\" custom_padding=\"20px|5px|20px|5px|false|false\" animation_direction=\"right\" inline_fonts=\"Poppins\" global_colors_info=\"{%22gcid-b9f0a484-575f-4a0e-b4c2-3c1a2245ac92%22:%91%22background_color%22%93}\" theme_builder_area=\"post_content\"]<\/p>\n<p><strong>VENDREDI 6 JUIN<\/strong><\/p>\n<p>[\/et_pb_text][\/et_pb_column][\/et_pb_row][et_pb_row column_structure=\"1_2,1_2\" _builder_version=\"4.27.4\" _module_preset=\"default\" global_colors_info=\"{}\" theme_builder_area=\"post_content\"][et_pb_column type=\"1_2\" _builder_version=\"4.27.4\" _module_preset=\"default\" global_colors_info=\"{}\" theme_builder_area=\"post_content\"][et_pb_text _builder_version=\"4.27.4\" _module_preset=\"default\" text_orientation=\"center\" global_colors_info=\"{}\" theme_builder_area=\"post_content\"]<\/p>\n<p><strong>10:30<\/strong><br \/><em>Salle Albert L. Kimmerling<\/em><\/p>\n<p>[\/et_pb_text][\/et_pb_column][et_pb_column type=\"1_2\" _builder_version=\"4.27.4\" _module_preset=\"default\" global_colors_info=\"{}\" theme_builder_area=\"post_content\"][et_pb_text _builder_version=\"4.27.4\" _module_preset=\"default\" text_orientation=\"center\" global_colors_info=\"{}\" theme_builder_area=\"post_content\"]<\/p>\n<p style=\"text-align: left;\"><strong><span style=\"text-decoration: underline;\">Innovations technologiques dans l\u2019aviation g\u00e9n\u00e9rale : (propulsion, architecture, syst\u00e8mes)<\/span> <\/strong><\/p>\n<p style=\"text-align: left;\">L\u2019aviation g\u00e9n\u00e9rale est en pleine mutation, port\u00e9e par une vague d\u2019innovations technologiques majeures. Cette conf\u00e9rence explorera les derni\u00e8res avanc\u00e9es en mati\u00e8re de propulsion \u2013 \u00e9lectrique, hydrog\u00e8ne, hybride \u2013 ainsi que les \u00e9volutions structurelles et syst\u00e8mes embarqu\u00e9s qui red\u00e9finissent les standards du secteur.<\/p>\n<p style=\"text-align: left;\">Face au d\u00e9fi environnemental, la transition vers des technologies plus durables s\u2019impose comme une priorit\u00e9. De l\u2019\u00e9mergence des cockpits intelligents aux nouvelles architectures d\u2019avion, cette session offrira un panorama des solutions de demain, \u00e0 la crois\u00e9e de la performance et de l\u2019\u00e9cologie.<\/p>\n<ul style=\"text-align: left;\">\n<li><strong>ICARIUS \/TURBOTECH<\/strong> - Corinne Fitzgerald<\/li>\n<li><strong>VOLTAERO \/ SAFRAN <\/strong>(Hybride) - Jean Botti<\/li>\n<li><strong>PRATT &amp; WHITNEY<\/strong> - Jeremie CHAISE<\/li>\n<li><strong>DAHER <\/strong>- Fred\u00e9ric Maitre \/ Christophe Robin<\/li>\n<li><strong>JMB <\/strong>- JEAN MARIE GUISSET<\/li>\n<li><strong>GIPAG <\/strong>- Fran\u00e7oise Horiot<\/li>\n<li><strong>FFA<\/strong><\/li>\n<\/ul>\n<p style=\"text-align: left;\">Mod\u00e9rateur - GIL ROY <\/p>\n<p>[\/et_pb_text][\/et_pb_column][\/et_pb_row][et_pb_row column_structure=\"1_2,1_2\" _builder_version=\"4.27.4\" _module_preset=\"default\" global_colors_info=\"{}\" theme_builder_area=\"post_content\"][et_pb_column type=\"1_2\" _builder_version=\"4.27.4\" _module_preset=\"default\" global_colors_info=\"{}\" theme_builder_area=\"post_content\"][et_pb_text _builder_version=\"4.27.4\" _module_preset=\"default\" text_orientation=\"center\" global_colors_info=\"{}\" theme_builder_area=\"post_content\"]<\/p>\n<p><strong>13:00<\/strong><br \/><em>Salle Louis Mouillard<\/em><\/p>\n<p>[\/et_pb_text][\/et_pb_column][et_pb_column type=\"1_2\" _builder_version=\"4.27.4\" _module_preset=\"default\" global_colors_info=\"{}\" theme_builder_area=\"post_content\"][et_pb_text _builder_version=\"4.27.4\" _module_preset=\"default\" text_orientation=\"center\" global_colors_info=\"{}\" theme_builder_area=\"post_content\"]<\/p>\n<p style=\"text-align: left;\"><span style=\"text-decoration: underline;\"><strong>Formations Ing\u00e9nieur et Bachelor<\/strong><\/span><\/p>\n<p style=\"text-align: left;\">Faites de votre r\u00eave un m\u00e9tier avec l\u2019IPSA, \u00e9cole d'ing\u00e9nieurs de l'air, de l'espace et des mobilit\u00e9s.<\/p>\n<p style=\"text-align: left;\"><strong>IPSA<\/strong> - Matthieu Leclerc<\/p>\n<p>[\/et_pb_text][\/et_pb_column][\/et_pb_row][et_pb_row column_structure=\"1_2,1_2\" _builder_version=\"4.27.4\" _module_preset=\"default\" global_colors_info=\"{}\" theme_builder_area=\"post_content\"][et_pb_column type=\"1_2\" _builder_version=\"4.27.4\" _module_preset=\"default\" global_colors_info=\"{}\" theme_builder_area=\"post_content\"][et_pb_text _builder_version=\"4.27.4\" _module_preset=\"default\" text_orientation=\"center\" global_colors_info=\"{}\" theme_builder_area=\"post_content\"]<\/p>\n<p><strong>13:00<\/strong><br \/><em>Salle Albert L. Kimmerling<\/em><\/p>\n<p>[\/et_pb_text][\/et_pb_column][et_pb_column type=\"1_2\" _builder_version=\"4.27.4\" _module_preset=\"default\" global_colors_info=\"{}\" theme_builder_area=\"post_content\"][et_pb_text _builder_version=\"4.27.4\" _module_preset=\"default\" text_orientation=\"center\" global_colors_info=\"{}\" theme_builder_area=\"post_content\"]<\/p>\n<p style=\"text-align: left;\"><span style=\"text-decoration: underline;\"><strong>Aviation g\u00e9n\u00e9rale : cap sur la digitalisation en toute l\u00e9galit\u00e9<\/strong><\/span><\/p>\n<p style=\"text-align: left;\">Du carnet de vol num\u00e9rique \u00e0 la gestion optimis\u00e9e des op\u00e9rations, en passant par les cartes de terrain ou de navigation \u00e9lectroniques, le d\u00e9p\u00f4t de plan de vol num\u00e9rique, l\u2019optimisation des navigations, la mise \u00e0 jour de bases de donn\u00e9es, la digitalisation transforme en profondeur l\u2019aviation g\u00e9n\u00e9rale. L\u2019apparition des tablettes num\u00e9riques, des r\u00e9cepteurs satellites et du WIFI ont transform\u00e9 radicalement la mani\u00e8re de voler.<\/p>\n<p style=\"text-align: left;\">Cette conf\u00e9rence dresse un panorama des outils et services num\u00e9riques qui gagnent du terrain dans tous les maillons de la fili\u00e8re : planification de vol, maintenance, formation, exploitation\u2026<\/p>\n<p style=\"text-align: left;\">Quels b\u00e9n\u00e9fices pour les usagers ? Quels d\u00e9fis en mati\u00e8re d\u2019adoption, d\u2019interop\u00e9rabilit\u00e9 ou de s\u00e9curit\u00e9 ?<\/p>\n<p style=\"text-align: left;\">Une pr\u00e9sentation illustr\u00e9e pour mieux comprendre comment le num\u00e9rique redessine l\u2019exp\u00e9rience a\u00e9rienne, au sol comme en vol.<\/p>\n<p style=\"text-align: left;\"><strong>AIR NAVIGATION \/ KRISTALL.AIR \/ INTUOS SRL \/ GARMIN<\/strong><\/p>\n<p style=\"text-align: left;\">Mod\u00e9rateur - E. Davidson \/ <strong>Aviation et Pilote<\/strong><\/p>\n<p>[\/et_pb_text][\/et_pb_column][\/et_pb_row][et_pb_row column_structure=\"1_2,1_2\" _builder_version=\"4.27.4\" _module_preset=\"default\" global_colors_info=\"{}\" theme_builder_area=\"post_content\"][et_pb_column type=\"1_2\" _builder_version=\"4.27.4\" _module_preset=\"default\" global_colors_info=\"{}\" theme_builder_area=\"post_content\"][et_pb_text _builder_version=\"4.27.4\" _module_preset=\"default\" text_orientation=\"center\" global_colors_info=\"{}\" theme_builder_area=\"post_content\"]<\/p>\n<p><strong>14:00<\/strong><br \/><em>Salle Louis Mouillard<\/em><\/p>\n<p>[\/et_pb_text][\/et_pb_column][et_pb_column type=\"1_2\" _builder_version=\"4.27.4\" _module_preset=\"default\" global_colors_info=\"{}\" theme_builder_area=\"post_content\"][et_pb_text _builder_version=\"4.27.4\" _module_preset=\"default\" text_orientation=\"center\" global_colors_info=\"{}\" theme_builder_area=\"post_content\"]<\/p>\n<p style=\"text-align: left;\"><span style=\"text-decoration: underline;\"><strong>De D\u00e9veloppeur logiciel \u00e0 Responsable produit<\/strong><\/span><\/p>\n<p style=\"text-align: left;\">D\u00e9couvrez une vari\u00e9t\u00e9 de m\u00e9tiers dans l\u2019A\u00e9ronautique.<\/p>\n<p class=\"p4\" style=\"margin-left: 53.4pt;\">\n<p style=\"text-align: left;\"><strong>THALES<\/strong> - Paul de Courcel <\/p>\n<p>[\/et_pb_text][\/et_pb_column][\/et_pb_row][et_pb_row column_structure=\"1_2,1_2\" _builder_version=\"4.27.4\" _module_preset=\"default\" global_colors_info=\"{}\" theme_builder_area=\"post_content\"][et_pb_column type=\"1_2\" _builder_version=\"4.27.4\" _module_preset=\"default\" global_colors_info=\"{}\" theme_builder_area=\"post_content\"][et_pb_text _builder_version=\"4.27.4\" _module_preset=\"default\" text_orientation=\"center\" global_colors_info=\"{}\" theme_builder_area=\"post_content\"]<\/p>\n<p><strong>14:00<\/strong><br \/><em>Salle Albert L. Kimmerling<\/em><\/p>\n<p>[\/et_pb_text][\/et_pb_column][et_pb_column type=\"1_2\" _builder_version=\"4.27.4\" _module_preset=\"default\" global_colors_info=\"{}\" theme_builder_area=\"post_content\"][et_pb_text _builder_version=\"4.27.4\" _module_preset=\"default\" text_orientation=\"center\" global_colors_info=\"{}\" theme_builder_area=\"post_content\"]<\/p>\n<p style=\"text-align: left;\"><span style=\"text-decoration: underline;\"><strong>Emploi, formation et comp\u00e9tences : anticiper les besoins de la fili\u00e8re<\/strong><\/span><\/p>\n<p style=\"text-align: left;\">Alors que l\u2019aviation g\u00e9n\u00e9rale conna\u00eet une transformation rapide, la fili\u00e8re doit relever un double d\u00e9fi : attirer de nouveaux talents et adapter les parcours de formation aux comp\u00e9tences de demain.<\/p>\n<p style=\"text-align: left;\">Cette conf\u00e9rence, port\u00e9e par le GIPAG, mettra en lumi\u00e8re les besoins \u00e9mergents en mati\u00e8re de main-d\u2019\u0153uvre, l\u2019\u00e9volution des m\u00e9tiers du secteur, ainsi que les initiatives de formation innovantes destin\u00e9es \u00e0 pr\u00e9parer efficacement la nouvelle g\u00e9n\u00e9ration de professionnels.<\/p>\n<p style=\"text-align: left;\">Des cursus repens\u00e9s \u00e0 l\u2019essor des technologies embarqu\u00e9es, en passant par les enjeux de transition \u00e9cologique, les intervenants dresseront un \u00e9tat des lieux des solutions mises en place pour renforcer l\u2019attractivit\u00e9 et la r\u00e9silience du secteur.<\/p>\n<p style=\"text-align: left;\"><strong>GIPAG <\/strong>- Ghislaine Barrere<br \/><strong>OSAC <br \/><\/strong><strong>AURA <\/strong>- Jean Fromion<br \/>Mod\u00e9rateur<strong> <\/strong>- Jean Michel Bossuet<\/p>\n<p>[\/et_pb_text][\/et_pb_column][\/et_pb_row][et_pb_row column_structure=\"1_2,1_2\" _builder_version=\"4.27.4\" _module_preset=\"default\" global_colors_info=\"{}\" theme_builder_area=\"post_content\"][et_pb_column type=\"1_2\" _builder_version=\"4.27.4\" _module_preset=\"default\" global_colors_info=\"{}\" theme_builder_area=\"post_content\"][et_pb_text _builder_version=\"4.27.4\" _module_preset=\"default\" text_orientation=\"center\" global_colors_info=\"{}\" theme_builder_area=\"post_content\"]<\/p>\n<p><strong>15:00<\/strong><br \/><em>Salle Albert L. Kimmerling<\/em><\/p>\n<p>[\/et_pb_text][\/et_pb_column][et_pb_column type=\"1_2\" _builder_version=\"4.27.4\" _module_preset=\"default\" global_colors_info=\"{}\" theme_builder_area=\"post_content\"][et_pb_text _builder_version=\"4.27.4\" _module_preset=\"default\" text_orientation=\"center\" global_colors_info=\"{}\" theme_builder_area=\"post_content\"]<\/p>\n<p style=\"text-align: left;\"><span style=\"text-decoration: underline;\"><strong>R\u00e9glementation Impact des \u00e9volutions r\u00e9glementaires : cap vers 2030 !<\/strong><\/span><\/p>\n<p style=\"text-align: left;\">L\u2019aviation g\u00e9n\u00e9rale se trouve \u00e0 un tournant r\u00e9glementaire. \u00c0 l\u2019horizon 2030, quelles sont les grandes orientations du l\u00e9gislateur, et comment vont-elles fa\u00e7onner les pratiques du secteur ?<\/p>\n<p style=\"text-align: left;\">Lors de cette table ronde, des repr\u00e9sentants de l\u2019EASA, de la DSAC, de l\u2019OSAC et du GIPAG d\u00e9crypteront les nouveaut\u00e9s \u00e0 venir, les axes de stabilisation r\u00e9glementaire et les enjeux strat\u00e9giques \u00e0 long terme.<\/p>\n<p style=\"text-align: left;\">Une approche accessible et concr\u00e8te pour mieux comprendre l\u2019impact de ces \u00e9volutions sur le terrain, du pilote priv\u00e9 \u00e0 l\u2019exploitant d\u2019a\u00e9rodrome.<\/p>\n<p style=\"text-align: left;\"><strong>OSAC \/ GIPAG \/ DGAC \/ EASA<\/strong> <br \/>Gil Roy<\/p>\n<p>[\/et_pb_text][\/et_pb_column][\/et_pb_row][et_pb_row column_structure=\"1_2,1_2\" _builder_version=\"4.27.4\" _module_preset=\"default\" global_colors_info=\"{}\" theme_builder_area=\"post_content\"][et_pb_column type=\"1_2\" _builder_version=\"4.27.4\" _module_preset=\"default\" global_colors_info=\"{}\" theme_builder_area=\"post_content\"][et_pb_text _builder_version=\"4.27.4\" _module_preset=\"default\" text_orientation=\"center\" global_colors_info=\"{}\" theme_builder_area=\"post_content\"]<\/p>\n<p><strong>15:00<\/strong><br \/><em>Salle Louis Mouillard<\/em><\/p>\n<p>[\/et_pb_text][\/et_pb_column][et_pb_column type=\"1_2\" _builder_version=\"4.27.4\" _module_preset=\"default\" global_colors_info=\"{}\" theme_builder_area=\"post_content\"][et_pb_text _builder_version=\"4.27.4\" _module_preset=\"default\" text_orientation=\"center\" global_colors_info=\"{}\" theme_builder_area=\"post_content\"]<\/p>\n<p style=\"text-align: left;\"><span style=\"text-decoration: underline;\"><strong>France Travail \u00e0 vos c\u00f4t\u00e9s dans votre recherche d\u2019emploi et projets professionnels<\/strong> <\/span><\/p>\n<p style=\"text-align: left;\">\n<p class=\"p4\" style=\"margin-left: 53.4pt;\">\n<p>[\/et_pb_text][\/et_pb_column][\/et_pb_row][et_pb_row column_structure=\"1_2,1_2\" _builder_version=\"4.27.4\" _module_preset=\"default\" global_colors_info=\"{}\" theme_builder_area=\"post_content\"][et_pb_column type=\"1_2\" _builder_version=\"4.27.4\" _module_preset=\"default\" global_colors_info=\"{}\" theme_builder_area=\"post_content\"][et_pb_text _builder_version=\"4.27.4\" _module_preset=\"default\" text_orientation=\"center\" global_colors_info=\"{}\" theme_builder_area=\"post_content\"]<\/p>\n<p><strong>16:00<\/strong><br \/><em>Salle Louis Mouillard<\/em><\/p>\n<p>[\/et_pb_text][\/et_pb_column][et_pb_column type=\"1_2\" _builder_version=\"4.27.4\" _module_preset=\"default\" global_colors_info=\"{}\" theme_builder_area=\"post_content\"][et_pb_text _builder_version=\"4.27.4\" _module_preset=\"default\" text_orientation=\"center\" global_colors_info=\"{}\" theme_builder_area=\"post_content\"]<\/p>\n<p style=\"text-align: left;\"><span style=\"text-decoration: underline;\"><strong>Les m\u00e9tiers et les formations au sein du Campus des M\u00e9tiers et des Qualifications d\u2019Excellence<\/strong><\/span><\/p>\n<p style=\"text-align: left;\"><strong>CMQE<\/strong> - Nicolas Libreau<\/p>\n<p class=\"p4\" style=\"margin-left: 53.4pt;\">\n<p>[\/et_pb_text][\/et_pb_column][\/et_pb_row][et_pb_row _builder_version=\"4.27.4\" _module_preset=\"default\" width=\"100%\" global_colors_info=\"{}\" theme_builder_area=\"post_content\"][et_pb_column type=\"4_4\" _builder_version=\"4.27.4\" _module_preset=\"default\" global_colors_info=\"{}\" theme_builder_area=\"post_content\"][et_pb_text _builder_version=\"4.27.4\" _module_preset=\"598c3072-63c5-4773-9955-424990375d45\" text_text_color=\"#FFFFFF\" text_font_size=\"20px\" background_color=\"gcid-b9f0a484-575f-4a0e-b4c2-3c1a2245ac92\" text_orientation=\"center\" custom_margin=\"40px|0px|20px|0px|false|false\" custom_padding=\"20px|5px|20px|5px|false|false\" animation_direction=\"right\" inline_fonts=\"Poppins\" global_colors_info=\"{%22gcid-b9f0a484-575f-4a0e-b4c2-3c1a2245ac92%22:%91%22background_color%22%93}\" theme_builder_area=\"post_content\"]<\/p>\n<p><strong>SAMEDI 7 JUIN<\/strong><\/p>\n<p>[\/et_pb_text][\/et_pb_column][\/et_pb_row][et_pb_row column_structure=\"1_2,1_2\" _builder_version=\"4.27.4\" _module_preset=\"default\" global_colors_info=\"{}\" theme_builder_area=\"post_content\"][et_pb_column type=\"1_2\" _builder_version=\"4.27.4\" _module_preset=\"default\" global_colors_info=\"{}\" theme_builder_area=\"post_content\"][et_pb_text _builder_version=\"4.27.4\" _module_preset=\"default\" text_orientation=\"center\" global_colors_info=\"{}\" theme_builder_area=\"post_content\"]<\/p>\n<p><strong>10:30<\/strong><br \/><em>Salle Louis Mouillard<\/em><\/p>\n<p>[\/et_pb_text][\/et_pb_column][et_pb_column type=\"1_2\" _builder_version=\"4.27.4\" _module_preset=\"default\" global_colors_info=\"{}\" theme_builder_area=\"post_content\"][et_pb_text _builder_version=\"4.27.4\" _module_preset=\"default\" text_orientation=\"center\" global_colors_info=\"{}\" theme_builder_area=\"post_content\"]<\/p>\n<p style=\"text-align: left;\"><strong>AOPA \/ FOREFLIGHT <br \/><\/strong>Pr\u00e9sentation Emmanuel Davidson<\/p>\n<p class=\"p4\" style=\"margin-left: 53.4pt;\">\n<p>[\/et_pb_text][\/et_pb_column][\/et_pb_row][et_pb_row column_structure=\"1_2,1_2\" _builder_version=\"4.27.4\" _module_preset=\"default\" global_colors_info=\"{}\" theme_builder_area=\"post_content\"][et_pb_column type=\"1_2\" _builder_version=\"4.27.4\" _module_preset=\"default\" global_colors_info=\"{}\" theme_builder_area=\"post_content\"][et_pb_text _builder_version=\"4.27.4\" _module_preset=\"default\" text_orientation=\"center\" global_colors_info=\"{}\" theme_builder_area=\"post_content\"]<\/p>\n<p><strong>10:30<\/strong><br \/><em>Salle Albert L. Kimmerling<\/em><\/p>\n<p>[\/et_pb_text][\/et_pb_column][et_pb_column type=\"1_2\" _builder_version=\"4.27.4\" _module_preset=\"default\" global_colors_info=\"{}\" theme_builder_area=\"post_content\"][et_pb_text _builder_version=\"4.27.4\" _module_preset=\"default\" text_orientation=\"center\" global_colors_info=\"{}\" theme_builder_area=\"post_content\"]<\/p>\n<p style=\"text-align: left;\"><strong><span style=\"text-decoration: underline;\">Personnel Navigant Commercial (PNC)<\/span> <br \/><\/strong><\/p>\n<p style=\"text-align: left;\">Les d\u00e9bouch\u00e9s \u00e0 l\u2019international pour les futurs PNC. <\/p>\n<p style=\"text-align: left;\">Les perspectives de recrutement pour 2025 et 2026.<\/p>\n<p style=\"text-align: left;\">Les opportunit\u00e9s actuelles dans le secteur a\u00e9rien, ainsi que les \u00e9volutions et attentes du m\u00e9tier.<\/p>\n<p style=\"text-align: left;\"><strong>SkySuccess <\/strong>- R\u00e9mi Duchange et Lyse Poncety<\/p>\n<p class=\"p4\" style=\"margin-left: 53.4pt;\">\n<p>[\/et_pb_text][\/et_pb_column][\/et_pb_row][et_pb_row column_structure=\"1_2,1_2\" _builder_version=\"4.27.4\" _module_preset=\"default\" global_colors_info=\"{}\" theme_builder_area=\"post_content\"][et_pb_column type=\"1_2\" _builder_version=\"4.27.4\" _module_preset=\"default\" global_colors_info=\"{}\" theme_builder_area=\"post_content\"][et_pb_text _builder_version=\"4.27.4\" _module_preset=\"default\" text_orientation=\"center\" global_colors_info=\"{}\" theme_builder_area=\"post_content\"]<\/p>\n<p><strong>11:15<\/strong><br \/><em>Salle Albert L. Kimmerling<\/em><\/p>\n<p>[\/et_pb_text][\/et_pb_column][et_pb_column type=\"1_2\" _builder_version=\"4.27.4\" _module_preset=\"default\" global_colors_info=\"{}\" theme_builder_area=\"post_content\"][et_pb_text _builder_version=\"4.27.4\" _module_preset=\"default\" text_orientation=\"center\" global_colors_info=\"{}\" theme_builder_area=\"post_content\"]<\/p>\n<p style=\"text-align: left;\"><span style=\"text-decoration: underline;\"><strong>Formations Ing\u00e9nieur et Bachelor : Faites de votre r\u00eave un m\u00e9tier avec l\u2019IPSA <\/strong><\/span><\/p>\n<p style=\"text-align: left;\">Ecole d'ing\u00e9nieurs de l'air, de l'espace et des mobilit\u00e9s<\/p>\n<p style=\"text-align: left;\">Matthieu Leclerc <\/p>\n<p class=\"p4\" style=\"margin-left: 53.4pt;\">\n<p>[\/et_pb_text][\/et_pb_column][\/et_pb_row][et_pb_row column_structure=\"1_2,1_2\" _builder_version=\"4.27.4\" _module_preset=\"default\" global_colors_info=\"{}\" theme_builder_area=\"post_content\"][et_pb_column type=\"1_2\" _builder_version=\"4.27.4\" _module_preset=\"default\" global_colors_info=\"{}\" theme_builder_area=\"post_content\"][et_pb_text _builder_version=\"4.27.4\" _module_preset=\"default\" text_orientation=\"center\" global_colors_info=\"{}\" theme_builder_area=\"post_content\"]<\/p>\n<p><strong>11:30<\/strong><br \/><em>Salle Louis Mouillard<\/em><\/p>\n<p>[\/et_pb_text][\/et_pb_column][et_pb_column type=\"1_2\" _builder_version=\"4.27.4\" _module_preset=\"default\" global_colors_info=\"{}\" theme_builder_area=\"post_content\"][et_pb_text _builder_version=\"4.27.4\" _module_preset=\"default\" text_orientation=\"center\" global_colors_info=\"{}\" theme_builder_area=\"post_content\"]<\/p>\n<p style=\"text-align: left;\"><span style=\"text-decoration: underline;\"><strong>POINT CARBURANTS Disparition programm\u00e9e de l\u2019AVGAS, quelles solutions \u00e0 compter du 1er janvier 2032 ?<\/strong><\/span><\/p>\n<p style=\"text-align: left;\">Face \u00e0 l\u2019\u00e9volution des enjeux \u00e9conomiques et environnementaux, le sujet des carburants est au c\u0153ur des pr\u00e9occupations de l\u2019aviation g\u00e9n\u00e9rale.<\/p>\n<p style=\"text-align: left;\">Le plomb contenu dans l\u2019essence aviation traditionnelle a \u00e9t\u00e9 banni par les autorit\u00e9s europ\u00e9ennes et am\u00e9ricaines \u00e0 compter de 2031 pour les USA et 2032 pour l\u2019Europe.<\/p>\n<p style=\"text-align: left;\">M\u00eame si de nombreuses annonces ont \u00e9t\u00e9 faites d\u2019un cot\u00e9 et de l\u2019autre de l\u2019Atlantique, la situation est encore loin d\u2019\u00eatre claire alors que les \u00e9ch\u00e9ances r\u00e9glementaires approchent \u00e0 grands pas.<\/p>\n<p style=\"text-align: left;\">Cette conf\u00e9rence proposera un tour d\u2019horizon complet des carburants utilis\u00e9s aujourd\u2019hui \u2013 AVGAS, Jet A, carburants alternatifs (SAF), carburants routiers \u2013, des d\u00e9veloppements en cours chez les p\u00e9troliers, et abordera leur disponibilit\u00e9 potentielle, leur distribution, leurs co\u00fbts pr\u00e9visionnels.<\/p>\n<p style=\"text-align: left;\">Constructeurs, fournisseurs d\u2019\u00e9nergie, exploitants d\u2019a\u00e9rodromes et autorit\u00e9s r\u00e9glementaires partageront leur vision des transitions en cours et \u00e0 venir, entre contraintes logistiques, nouvelles normes et opportunit\u00e9s de tendre vers le d\u00e9veloppement durable.<\/p>\n<p style=\"text-align: left;\"><strong>Total \/ CIRRUS \/ NEOFUEL \/ FFA \/ WARTER<\/strong><\/p>\n<p>Mod\u00e9rateur - E. Davidson \/ <strong>Aviation et Pilote<br \/><\/strong><\/p>\n<p style=\"text-align: left;\">\n<p class=\"p4\" style=\"margin-left: 53.4pt;\">\n<p>[\/et_pb_text][\/et_pb_column][\/et_pb_row][et_pb_row column_structure=\"1_2,1_2\" _builder_version=\"4.27.4\" _module_preset=\"default\" global_colors_info=\"{}\" theme_builder_area=\"post_content\"][et_pb_column type=\"1_2\" _builder_version=\"4.27.4\" _module_preset=\"default\" global_colors_info=\"{}\" theme_builder_area=\"post_content\"][et_pb_text _builder_version=\"4.27.4\" _module_preset=\"default\" text_orientation=\"center\" global_colors_info=\"{}\" theme_builder_area=\"post_content\"]<\/p>\n<p><strong>12:00<\/strong><br \/><em>Salle Albert L. Kimmerling<\/em><\/p>\n<p>[\/et_pb_text][\/et_pb_column][et_pb_column type=\"1_2\" _builder_version=\"4.27.4\" _module_preset=\"default\" global_colors_info=\"{}\" theme_builder_area=\"post_content\"][et_pb_text _builder_version=\"4.27.4\" _module_preset=\"default\" text_orientation=\"center\" global_colors_info=\"{}\" theme_builder_area=\"post_content\"]<\/p>\n<p style=\"text-align: left;\"><span style=\"text-decoration: underline;\"><strong>Les m\u00e9tiers de l\u2019a\u00e9ronautique, un m\u00e9tier d\u2019avenir <\/strong><\/span><\/p>\n<p style=\"text-align: left;\">Envolez-vous vers de nouveaux d\u00e9fis !<\/p>\n<p style=\"text-align: left;\"><strong>MRO Consulting 33<\/strong> - Yohan GORSE<\/p>\n<p class=\"p4\" style=\"margin-left: 53.4pt; text-align: left;\">\n<p>[\/et_pb_text][\/et_pb_column][\/et_pb_row][et_pb_row column_structure=\"1_2,1_2\" _builder_version=\"4.27.4\" _module_preset=\"default\" global_colors_info=\"{}\" theme_builder_area=\"post_content\"][et_pb_column type=\"1_2\" _builder_version=\"4.27.4\" _module_preset=\"default\" global_colors_info=\"{}\" theme_builder_area=\"post_content\"][et_pb_text _builder_version=\"4.27.4\" _module_preset=\"default\" text_orientation=\"center\" global_colors_info=\"{}\" theme_builder_area=\"post_content\"]<\/p>\n<p><strong>12:35<\/strong><br \/><em>Salle Albert L. Kimmerling<\/em><\/p>\n<p>[\/et_pb_text][\/et_pb_column][et_pb_column type=\"1_2\" _builder_version=\"4.27.4\" _module_preset=\"default\" global_colors_info=\"{}\" theme_builder_area=\"post_content\"][et_pb_text _builder_version=\"4.27.4\" _module_preset=\"default\" text_orientation=\"center\" global_colors_info=\"{}\" theme_builder_area=\"post_content\"]<\/p>\n<p style=\"text-align: left;\"><span style=\"text-decoration: underline;\"><strong>Le m\u00e9tier de contr\u00f4leur a\u00e9rien<\/strong><\/span><\/p>\n<ul>\n<li style=\"text-align: left;\">Le recrutement des \u00e9l\u00e8ves<\/li>\n<li style=\"text-align: left;\">La s\u00e9lection<\/li>\n<li style=\"text-align: left;\">La formation<\/li>\n<li style=\"text-align: left;\">L'obtention de la licence ATCO<\/li>\n<\/ul>\n<p style=\"text-align: left;\"><strong>Skyguide <\/strong>- Emmanuel Dufour<\/p>\n<p class=\"p4\" style=\"margin-left: 53.4pt;\">\n<p>[\/et_pb_text][\/et_pb_column][\/et_pb_row][et_pb_row column_structure=\"1_2,1_2\" _builder_version=\"4.27.4\" _module_preset=\"default\" global_colors_info=\"{}\" theme_builder_area=\"post_content\"][et_pb_column type=\"1_2\" _builder_version=\"4.27.4\" _module_preset=\"default\" global_colors_info=\"{}\" theme_builder_area=\"post_content\"][et_pb_text _builder_version=\"4.27.4\" _module_preset=\"default\" text_orientation=\"center\" global_colors_info=\"{}\" theme_builder_area=\"post_content\"]<\/p>\n<p><strong>13:00<\/strong><br \/><em>Salle Albert L. Kimmerling<\/em><\/p>\n<p>[\/et_pb_text][\/et_pb_column][et_pb_column type=\"1_2\" _builder_version=\"4.27.4\" _module_preset=\"default\" global_colors_info=\"{}\" theme_builder_area=\"post_content\"][et_pb_text _builder_version=\"4.27.4\" _module_preset=\"default\" text_orientation=\"center\" global_colors_info=\"{}\" theme_builder_area=\"post_content\"]<\/p>\n<p style=\"text-align: left;\"><strong><span style=\"text-decoration: underline;\">Ecole de ligne et Hotesses<\/span><\/strong><\/p>\n<p style=\"text-align: left;\">La plus vieille \u00e9cole de formation de navigants, depuis 1957 Mermoz Academy a form\u00e9 plus de 60000 navigants, pr\u00e9sentera ses formations.<\/p>\n<p style=\"text-align: left;\"><strong>Mermoz Academy<\/strong><\/p>\n<p class=\"p4\" style=\"margin-left: 53.4pt;\">\n<p>[\/et_pb_text][\/et_pb_column][\/et_pb_row][et_pb_row column_structure=\"1_2,1_2\" _builder_version=\"4.27.4\" _module_preset=\"default\" global_colors_info=\"{}\" theme_builder_area=\"post_content\"][et_pb_column type=\"1_2\" _builder_version=\"4.27.4\" _module_preset=\"default\" global_colors_info=\"{}\" theme_builder_area=\"post_content\"][et_pb_text _builder_version=\"4.27.4\" _module_preset=\"default\" text_orientation=\"center\" global_colors_info=\"{}\" theme_builder_area=\"post_content\"]<\/p>\n<p><strong>14:00<\/strong><br \/><em>Salle Albert L. Kimmerling<\/em><\/p>\n<p>[\/et_pb_text][\/et_pb_column][et_pb_column type=\"1_2\" _builder_version=\"4.27.4\" _module_preset=\"default\" global_colors_info=\"{}\" theme_builder_area=\"post_content\"][et_pb_text _builder_version=\"4.27.4\" _module_preset=\"default\" text_orientation=\"center\" global_colors_info=\"{}\" theme_builder_area=\"post_content\"]<\/p>\n<p style=\"text-align: left;\"><span style=\"text-decoration: underline;\"><strong>De militaire \u00e0 ing\u00e9nieur de recherche en a\u00e9rospatial<\/strong><\/span><\/p>\n<p style=\"text-align: left;\"> <strong>ELIOS SPACE <\/strong>- Lionel Biree<strong><br \/><\/strong><\/p>\n<p class=\"p4\" style=\"margin-left: 53.4pt;\">\n<p>[\/et_pb_text][\/et_pb_column][\/et_pb_row][et_pb_row _builder_version=\"4.27.4\" _module_preset=\"default\" width=\"100%\" custom_padding=\"15px|||||\" global_colors_info=\"{}\" theme_builder_area=\"post_content\"][et_pb_column type=\"4_4\" _builder_version=\"4.27.4\" _module_preset=\"default\" global_colors_info=\"{}\" theme_builder_area=\"post_content\"][et_pb_image src=\"https:\/\/www.franceairexpo.com\/wp-content\/uploads\/2025\/01\/FAE24-PH2-conferences.jpg\" title_text=\"FAE24-PH2-conferences\" _builder_version=\"4.27.4\" _module_preset=\"default\" custom_padding=\"15px||16px|||\" global_colors_info=\"{}\" theme_builder_area=\"post_content\"][\/et_pb_image][\/et_pb_column][\/et_pb_row][\/et_pb_section][et_pb_section fb_built=\"1\" admin_label=\"Popup form\" module_id=\"contact-form-admission\" module_class=\"popup\" _builder_version=\"4.16.1\" _module_preset=\"default\" da_is_popup=\"on\" da_popup_slug=\"contact-form-admission\" da_disable_devices=\"off|off|off\" global_colors_info=\"{}\" theme_builder_area=\"post_content\" da_exit_intent=\"off\" da_has_close=\"on\" da_alt_close=\"off\" da_dark_close=\"off\" da_not_modal=\"on\" da_is_singular=\"off\" da_with_loader=\"off\" da_has_shadow=\"on\"][et_pb_row _builder_version=\"4.16.1\" _module_preset=\"default\" global_colors_info=\"{}\" theme_builder_area=\"post_content\"][et_pb_column type=\"4_4\" _builder_version=\"4.16.1\" _module_preset=\"default\" global_colors_info=\"{}\" theme_builder_area=\"post_content\"][et_pb_text _builder_version=\"4.16.1\" _module_preset=\"default\" global_colors_info=\"{}\" theme_builder_area=\"post_content\"]Welcome to the AD Air Expo 2022 downstream Call for Papers submissions portal<\/p>\n<p>We are looking for world-class presentations that will evoke excitement and focus on progress and future growth as we gather to connect opportunities and celebrate development in aviation and aerospace.<\/p>\n<p>Proposals for presentations on topics : <\/p>\n<p>Please register to be able to submit an abstract [\/et_pb_text][dvppl_cf7_styler cf7=\"3071\" admin_label=\"CF7 Styler\" _builder_version=\"4.16.1\" _module_preset=\"default\" custom_submit_button=\"on\" submit_button_text_size=\"24px\" submit_button_text_color=\"#FFFFFF\" submit_button_bg_color=\"gcid-fe2cc62c-cb0b-4131-987e-c9ceeb81c892\" submit_button_border_color=\"gcid-fe2cc62c-cb0b-4131-987e-c9ceeb81c892\" global_colors_info=\"{%22gcid-fe2cc62c-cb0b-4131-987e-c9ceeb81c892%22:%91%22submit_button_bg_color%22,%22submit_button_border_color%22%93}\" theme_builder_area=\"post_content\"][\/dvppl_cf7_styler][\/et_pb_column][\/et_pb_row][\/et_pb_section][et_pb_section fb_built=\"1\" admin_label=\"Popup merci\" module_id=\"formok\" module_class=\"popup single\" _builder_version=\"4.16.1\" _module_preset=\"default\" width=\"750px\" da_is_popup=\"on\" da_popup_slug=\"formok\" da_is_singular=\"on\" da_disable_devices=\"off|off|off\" global_colors_info=\"{}\" theme_builder_area=\"post_content\" da_exit_intent=\"off\" da_has_close=\"on\" da_alt_close=\"off\" da_dark_close=\"off\" da_not_modal=\"on\" da_with_loader=\"off\" da_has_shadow=\"on\"][et_pb_row _builder_version=\"4.16.1\" _module_preset=\"default\" global_colors_info=\"{}\" theme_builder_area=\"post_content\"][et_pb_column type=\"4_4\" _builder_version=\"4.16.1\" _module_preset=\"default\" global_colors_info=\"{}\" theme_builder_area=\"post_content\"][et_pb_text _builder_version=\"4.16.1\" _module_preset=\"default\" global_colors_info=\"{}\" theme_builder_area=\"post_content\"]Petit texte pour dire merci[\/et_pb_text][\/et_pb_column][\/et_pb_row][\/et_pb_section][et_pb_section fb_built=\"1\" disabled_on=\"off|off|off\" admin_label=\"Section\" _builder_version=\"4.16.1\" _module_preset=\"default\" custom_padding=\"0px|||||\" da_disable_devices=\"off|off|off\" global_colors_info=\"{}\" theme_builder_area=\"post_content\" da_is_popup=\"off\" da_exit_intent=\"off\" da_has_close=\"on\" da_alt_close=\"off\" da_dark_close=\"off\" da_not_modal=\"on\" da_is_singular=\"off\" da_with_loader=\"off\" da_has_shadow=\"on\"][\/et_pb_section]<\/p>\n","protected":false},"excerpt":{"rendered":"<p>CONEFERENCEFrance Air Expo 2026 \u2013 ConferenceEach year, France Air Expo presents a program of conferences and panel discussions bringing together the leading voices in General Aviation. These sessions provide a privileged forum for exchange between professionals, institutions, manufacturers, operators, flight schools, students, and aviation enthusiasts.Open to all, young people, professionals, pilots, and enthusiasts, the program [&hellip;]<\/p>\n","protected":false},"author":1,"featured_media":0,"parent":0,"menu_order":0,"comment_status":"closed","ping_status":"closed","template":"","meta":{"_et_pb_use_builder":"on","_et_pb_old_content":"","_et_gb_content_width":"","footnotes":""},"class_list":["post-1102","page","type-page","status-publish","hentry"],"yoast_head":"<!-- This site is optimized with the Yoast SEO plugin v27.0 - https:\/\/yoast.com\/product\/yoast-seo-wordpress\/ -->\n<title>Conferences - France Air Expo 2026, 4-5-6 juin, aeroport Lyon Bron<\/title>\n<meta name=\"description\" content=\"International exhibition of General Aviation\" \/>\n<meta name=\"robots\" content=\"index, follow, max-snippet:-1, max-image-preview:large, max-video-preview:-1\" \/>\n<link rel=\"canonical\" href=\"https:\/\/www.franceairexpo.com\/en\/conferences\/\" \/>\n<meta property=\"og:locale\" content=\"en_US\" \/>\n<meta property=\"og:type\" content=\"article\" \/>\n<meta property=\"og:title\" content=\"Conferences - France Air Expo 2026, 4-5-6 juin, aeroport Lyon Bron\" \/>\n<meta property=\"og:description\" content=\"International exhibition of General Aviation\" \/>\n<meta property=\"og:url\" content=\"https:\/\/www.franceairexpo.com\/en\/conferences\/\" \/>\n<meta property=\"og:site_name\" content=\"FRANCE AIR EXPO\" \/>\n<meta property=\"article:publisher\" content=\"https:\/\/www.facebook.com\/Franceairexpo\" \/>\n<meta property=\"article:modified_time\" content=\"2026-03-05T22:02:22+00:00\" \/>\n<meta property=\"og:image\" content=\"https:\/\/www.franceairexpo.com\/wp-content\/uploads\/2021\/10\/3d9cfa84899179aa06962931dbad2240_800x720.jpg\" \/>\n\t<meta property=\"og:image:width\" content=\"800\" \/>\n\t<meta property=\"og:image:height\" content=\"720\" \/>\n\t<meta property=\"og:image:type\" content=\"image\/jpeg\" \/>\n<meta name=\"twitter:card\" content=\"summary_large_image\" \/>\n<meta name=\"twitter:label1\" content=\"Est. reading time\" \/>\n\t<meta name=\"twitter:data1\" content=\"3 minutes\" \/>\n<script type=\"application\/ld+json\" class=\"yoast-schema-graph\">{\"@context\":\"https:\/\/schema.org\",\"@graph\":[{\"@type\":\"WebPage\",\"@id\":\"https:\/\/www.franceairexpo.com\/en\/conferences\/\",\"url\":\"https:\/\/www.franceairexpo.com\/en\/conferences\/\",\"name\":\"Conferences - France Air Expo 2026, 4-5-6 juin, aeroport Lyon Bron\",\"isPartOf\":{\"@id\":\"https:\/\/www.franceairexpo.com\/#website\"},\"datePublished\":\"2021-11-04T07:27:19+00:00\",\"dateModified\":\"2026-03-05T22:02:22+00:00\",\"description\":\"International exhibition of General Aviation\",\"breadcrumb\":{\"@id\":\"https:\/\/www.franceairexpo.com\/en\/conferences\/#breadcrumb\"},\"inLanguage\":\"en-US\",\"potentialAction\":[{\"@type\":\"ReadAction\",\"target\":[\"https:\/\/www.franceairexpo.com\/en\/conferences\/\"]}]},{\"@type\":\"BreadcrumbList\",\"@id\":\"https:\/\/www.franceairexpo.com\/en\/conferences\/#breadcrumb\",\"itemListElement\":[{\"@type\":\"ListItem\",\"position\":1,\"name\":\"Accueil\",\"item\":\"https:\/\/www.franceairexpo.com\/en\/france-airexpo\/\"},{\"@type\":\"ListItem\",\"position\":2,\"name\":\"Conferences\"}]},{\"@type\":\"WebSite\",\"@id\":\"https:\/\/www.franceairexpo.com\/#website\",\"url\":\"https:\/\/www.franceairexpo.com\/\",\"name\":\"FRANCE AIR EXPO\",\"description\":\"SALON INTERNATIONAL DE L\u2019AVIATION G\u00c9N\u00c9RALE\",\"publisher\":{\"@id\":\"https:\/\/www.franceairexpo.com\/#organization\"},\"potentialAction\":[{\"@type\":\"SearchAction\",\"target\":{\"@type\":\"EntryPoint\",\"urlTemplate\":\"https:\/\/www.franceairexpo.com\/?s={search_term_string}\"},\"query-input\":{\"@type\":\"PropertyValueSpecification\",\"valueRequired\":true,\"valueName\":\"search_term_string\"}}],\"inLanguage\":\"en-US\"},{\"@type\":\"Organization\",\"@id\":\"https:\/\/www.franceairexpo.com\/#organization\",\"name\":\"France Air Expo\",\"url\":\"https:\/\/www.franceairexpo.com\/\",\"logo\":{\"@type\":\"ImageObject\",\"inLanguage\":\"en-US\",\"@id\":\"https:\/\/www.franceairexpo.com\/#\/schema\/logo\/image\/\",\"url\":\"https:\/\/www.franceairexpo.com\/wp-content\/uploads\/2021\/10\/FAE22-LOGO-web.jpg\",\"contentUrl\":\"https:\/\/www.franceairexpo.com\/wp-content\/uploads\/2021\/10\/FAE22-LOGO-web.jpg\",\"width\":292,\"height\":157,\"caption\":\"France Air Expo\"},\"image\":{\"@id\":\"https:\/\/www.franceairexpo.com\/#\/schema\/logo\/image\/\"},\"sameAs\":[\"https:\/\/www.facebook.com\/Franceairexpo\",\"https:\/\/www.instagram.com\/franceairexpo\/\",\"https:\/\/www.linkedin.com\/company\/france-air-expo\"]}]}<\/script>\n<!-- \/ Yoast SEO plugin. -->","yoast_head_json":{"title":"Conferences - France Air Expo 2026, 4-5-6 juin, aeroport Lyon Bron","description":"International exhibition of General Aviation","robots":{"index":"index","follow":"follow","max-snippet":"max-snippet:-1","max-image-preview":"max-image-preview:large","max-video-preview":"max-video-preview:-1"},"canonical":"https:\/\/www.franceairexpo.com\/en\/conferences\/","og_locale":"en_US","og_type":"article","og_title":"Conferences - France Air Expo 2026, 4-5-6 juin, aeroport Lyon Bron","og_description":"International exhibition of General Aviation","og_url":"https:\/\/www.franceairexpo.com\/en\/conferences\/","og_site_name":"FRANCE AIR EXPO","article_publisher":"https:\/\/www.facebook.com\/Franceairexpo","article_modified_time":"2026-03-05T22:02:22+00:00","og_image":[{"width":800,"height":720,"url":"https:\/\/www.franceairexpo.com\/wp-content\/uploads\/2021\/10\/3d9cfa84899179aa06962931dbad2240_800x720.jpg","type":"image\/jpeg"}],"twitter_card":"summary_large_image","twitter_misc":{"Est. reading time":"3 minutes"},"schema":{"@context":"https:\/\/schema.org","@graph":[{"@type":"WebPage","@id":"https:\/\/www.franceairexpo.com\/en\/conferences\/","url":"https:\/\/www.franceairexpo.com\/en\/conferences\/","name":"Conferences - France Air Expo 2026, 4-5-6 juin, aeroport Lyon Bron","isPartOf":{"@id":"https:\/\/www.franceairexpo.com\/#website"},"datePublished":"2021-11-04T07:27:19+00:00","dateModified":"2026-03-05T22:02:22+00:00","description":"International exhibition of General Aviation","breadcrumb":{"@id":"https:\/\/www.franceairexpo.com\/en\/conferences\/#breadcrumb"},"inLanguage":"en-US","potentialAction":[{"@type":"ReadAction","target":["https:\/\/www.franceairexpo.com\/en\/conferences\/"]}]},{"@type":"BreadcrumbList","@id":"https:\/\/www.franceairexpo.com\/en\/conferences\/#breadcrumb","itemListElement":[{"@type":"ListItem","position":1,"name":"Accueil","item":"https:\/\/www.franceairexpo.com\/en\/france-airexpo\/"},{"@type":"ListItem","position":2,"name":"Conferences"}]},{"@type":"WebSite","@id":"https:\/\/www.franceairexpo.com\/#website","url":"https:\/\/www.franceairexpo.com\/","name":"FRANCE AIR EXPO","description":"SALON INTERNATIONAL DE L\u2019AVIATION G\u00c9N\u00c9RALE","publisher":{"@id":"https:\/\/www.franceairexpo.com\/#organization"},"potentialAction":[{"@type":"SearchAction","target":{"@type":"EntryPoint","urlTemplate":"https:\/\/www.franceairexpo.com\/?s={search_term_string}"},"query-input":{"@type":"PropertyValueSpecification","valueRequired":true,"valueName":"search_term_string"}}],"inLanguage":"en-US"},{"@type":"Organization","@id":"https:\/\/www.franceairexpo.com\/#organization","name":"France Air Expo","url":"https:\/\/www.franceairexpo.com\/","logo":{"@type":"ImageObject","inLanguage":"en-US","@id":"https:\/\/www.franceairexpo.com\/#\/schema\/logo\/image\/","url":"https:\/\/www.franceairexpo.com\/wp-content\/uploads\/2021\/10\/FAE22-LOGO-web.jpg","contentUrl":"https:\/\/www.franceairexpo.com\/wp-content\/uploads\/2021\/10\/FAE22-LOGO-web.jpg","width":292,"height":157,"caption":"France Air Expo"},"image":{"@id":"https:\/\/www.franceairexpo.com\/#\/schema\/logo\/image\/"},"sameAs":["https:\/\/www.facebook.com\/Franceairexpo","https:\/\/www.instagram.com\/franceairexpo\/","https:\/\/www.linkedin.com\/company\/france-air-expo"]}]}},"_links":{"self":[{"href":"https:\/\/www.franceairexpo.com\/en\/wp-json\/wp\/v2\/pages\/1102","targetHints":{"allow":["GET"]}}],"collection":[{"href":"https:\/\/www.franceairexpo.com\/en\/wp-json\/wp\/v2\/pages"}],"about":[{"href":"https:\/\/www.franceairexpo.com\/en\/wp-json\/wp\/v2\/types\/page"}],"author":[{"embeddable":true,"href":"https:\/\/www.franceairexpo.com\/en\/wp-json\/wp\/v2\/users\/1"}],"replies":[{"embeddable":true,"href":"https:\/\/www.franceairexpo.com\/en\/wp-json\/wp\/v2\/comments?post=1102"}],"version-history":[{"count":137,"href":"https:\/\/www.franceairexpo.com\/en\/wp-json\/wp\/v2\/pages\/1102\/revisions"}],"predecessor-version":[{"id":14447,"href":"https:\/\/www.franceairexpo.com\/en\/wp-json\/wp\/v2\/pages\/1102\/revisions\/14447"}],"wp:attachment":[{"href":"https:\/\/www.franceairexpo.com\/en\/wp-json\/wp\/v2\/media?parent=1102"}],"curies":[{"name":"wp","href":"https:\/\/api.w.org\/{rel}","templated":true}]}}